{"id":4116,"date":"2024-05-23T10:11:59","date_gmt":"2024-05-23T10:11:59","guid":{"rendered":"https:\/\/floortjevanloon.nl\/expositions-a-venir\/"},"modified":"2026-03-01T12:48:19","modified_gmt":"2026-03-01T12:48:19","slug":"expositions-a-venir","status":"publish","type":"page","link":"https:\/\/floortjevanloon.nl\/fr\/expositions-a-venir\/","title":{"rendered":"L&rsquo;ordre du jour"},"content":{"rendered":"\n<style type=\"text\/css\" data-created_by=\"avia_inline_auto\" id=\"style-css-av-2056je-ce0432bdcc3d36ae0c5828c959c1d1b8\">\n.avia-section.av-2056je-ce0432bdcc3d36ae0c5828c959c1d1b8{\nbackground-color:#d39ad1;\nbackground-image:unset;\n}\n<\/style>\n<div id='av_section_1'  class='avia-section av-2056je-ce0432bdcc3d36ae0c5828c959c1d1b8 main_color avia-section-default avia-no-border-styling  avia-builder-el-0  el_before_av_section  avia-builder-el-first  avia-bg-style-scroll container_wrap sidebar_left'  ><div class='container av-section-cont-open' ><main  role=\"main\" itemprop=\"mainContentOfPage\"  class='template-page content  av-content-small units'><div class='post-entry post-entry-type-page post-entry-4116'><div class='entry-content-wrapper clearfix'>\n\n<style type=\"text\/css\" data-created_by=\"avia_inline_auto\" id=\"style-css-av-mjr5cwzo-adf02050d4b7d9289f0be15b32f5854c\">\n#top .av_textblock_section.av-mjr5cwzo-adf02050d4b7d9289f0be15b32f5854c .avia_textblock{\nfont-size:16px;\n}\n<\/style>\n<section  class='av_textblock_section av-mjr5cwzo-adf02050d4b7d9289f0be15b32f5854c '   itemscope=\"itemscope\" itemtype=\"https:\/\/schema.org\/CreativeWork\" ><div class='avia_textblock'  itemprop=\"text\" ><div><\/div>\n<div>\n<h3 data-start=\"180\" data-end=\"232\">\u2728 Invitation Exposition personnelle Floortje van Loon<\/h3>\n<p data-start=\"234\" data-end=\"257\"><strong data-start=\"234\" data-end=\"255\">Ce n&rsquo;est pas ce que l&rsquo;on croit<\/strong><\/p>\n<p data-start=\"259\" data-end=\"595\">C&rsquo;est avec grand plaisir que je vous invite \u00e0 mon exposition personnelle <em data-start=\"317\" data-end=\"336\">It is not what it seems<\/em>.<br data-start=\"337\" data-end=\"340\">Dans cette exposition, je pr\u00e9sente une s\u00e9lection de mes collages num\u00e9riques : des images superpos\u00e9es pleines de couleurs, d&rsquo;imagination et de petites histoires. Des \u0153uvres qui naissent de l&rsquo;acceptation, de l&rsquo;\u00e9merveillement et de l&rsquo;abandon du contr\u00f4le &#8211; parce que parfois, <em data-start=\"566\" data-end=\"592\">c&rsquo;est tout simplement ce que c&rsquo;est<\/em>. <\/p>\n<p data-start=\"597\" data-end=\"784\">Mes collages vous invitent \u00e0 vous arr\u00eater, \u00e0 regarder et peut-\u00eatre \u00e0 reconna\u00eetre quelque chose de vous-m\u00eame dans l&rsquo;image. Ludiques, po\u00e9tiques et accessibles, ils laissent place \u00e0 votre propre interpr\u00e9tation. <\/p>\n<p data-start=\"786\" data-end=\"901\"><strong data-start=\"789\" data-end=\"810\">\ud83d\udcc5 Dimanche 18 janvier au 29 mars 2026<\/strong><br data-start=\"810\" data-end=\"813\">\ud83d\udccd <strong data-start=\"816\" data-end=\"853\">The House Of Cotton &amp; Now &#8211; Almelo<\/strong><br data-start=\"853\" data-end=\"856\">\ud83c\udfa8 <strong data-start=\"859\" data-end=\"899\">Exposition personnelle de Floortje van Loon<\/strong><\/p>\n<p data-start=\"786\" data-end=\"901\">Heures d&rsquo;ouverture :<br \/>\nDu mercredi au samedi de 10 h \u00e0 17 h.<br \/>\nOuvert les dimanches de shopping de 12 h \u00e0 17 h.<\/p>\n<p>Place du march\u00e9 35,<br \/>\n7607 HM Almelo<\/p>\n<p>tel: 0546 433 561<\/p>\n<p data-start=\"903\" data-end=\"969\">Vous \u00eates les bienvenus pour observer, exp\u00e9rimenter et rencontrer.<\/p>\n<\/div>\n<p data-start=\"903\" data-end=\"969\">\n<p class=\"isSelectedEnd\"><strong>Mon exposition \u00a0\u00bbIt&rsquo;s not what it seems\u00a0\u00bb a \u00e9t\u00e9 prolong\u00e9e<\/strong> \ud83c\udf89<\/p>\n<p class=\"isSelectedEnd\">En raison de son grand succ\u00e8s, mon exposition <em>\u00a0\u00bbIt is not what it seems\u00a0\u00bb<\/em> a \u00e9t\u00e9 prolong\u00e9e, et j&rsquo;en suis extr\u00eamement heureuse. Il est extraordinaire de voir combien de personnes sont surprises et inspir\u00e9es par mon travail num\u00e9rique. C&rsquo;est pourquoi je vous invite personnellement \u00e0 venir voir l&rsquo;exposition. \u2728<\/p>\n<p class=\"isSelectedEnd\">Dans cette exposition, je vous emm\u00e8ne dans mon monde d&rsquo;art num\u00e9rique, o\u00f9 la perception et la r\u00e9alit\u00e9 ne sont pas toujours les m\u00eames. Mes \u0153uvres jouent avec ce que vous croyez voir et vous invitent \u00e0 y regarder de plus pr\u00e8s. Ce qui semble \u00e9vident \u00e0 premi\u00e8re vue peut soudain s&rsquo;av\u00e9rer \u00eatre quelque chose de compl\u00e8tement diff\u00e9rent. C&rsquo;est pr\u00e9cis\u00e9ment ce moment d&rsquo;\u00e9merveillement et de d\u00e9couverte qui est important pour moi. \ud83d\uddbc\ufe0f    <\/p>\n<p class=\"isSelectedEnd\">Cela me touche beaucoup que tant de visiteurs aient d\u00e9couvert mon travail, et j&rsquo;esp\u00e8re qu&rsquo;ils seront encore plus nombreux \u00e0 me rendre visite. Que vous connaissiez d\u00e9j\u00e0 mon travail ou que vous le d\u00e9couvriez pour la premi\u00e8re fois, vous \u00eates les bienvenus. <\/p>\n<p class=\"isSelectedEnd\">Je vous invite \u00e0 venir voir par vous-m\u00eame et \u00e0 faire l&rsquo;exp\u00e9rience de <em>\u00a0\u00bbCe n&rsquo;est pas ce que l&rsquo;on croit\u00a0\u00bb.<\/em> <\/p>\n<p class=\"isSelectedEnd\">\ud83d\udcc5 Exposition jusqu&rsquo;au 29 mars 2026<br \/>\n\ud83d\udccd House of Cotton &amp; Now<\/p>\n<p class=\"isSelectedEnd\">J&rsquo;esp\u00e8re vous y rencontrer ! \ud83d\ude4c<\/p>\n<p>Floortje van Loon<\/p>\n<p data-start=\"903\" data-end=\"969\">\n<div><\/div>\n<div><\/div>\n<div><\/div>\n<div><\/div>\n<div><\/div>\n<div class=\"wp-block-image\">\n<div class=\"wp-block-image\">\n<div class=\"wp-block-image\"><img loading=\"lazy\" decoding=\"async\" class=\"wpa-warning wpa-image-missing-alt alignnone size-full wp-image-19418\" src=\"https:\/\/floortjevanloon.nl\/wp-content\/uploads\/2026\/03\/verlengt-expo.png\" alt=\"\" width=\"500\" height=\"871\" data-warning=\"Ontbrekende alt-tekst\" srcset=\"https:\/\/floortjevanloon.nl\/wp-content\/uploads\/2026\/03\/verlengt-expo.png 500w, https:\/\/floortjevanloon.nl\/wp-content\/uploads\/2026\/03\/verlengt-expo-172x300.png 172w, https:\/\/floortjevanloon.nl\/wp-content\/uploads\/2026\/03\/verlengt-expo-405x705.png 405w\" sizes=\"auto, (max-width: 500px) 100vw, 500px\" \/><\/div>\n<\/div>\n<\/div>\n<div><\/div>\n<div><\/div>\n<div><\/div>\n<\/div><\/section>\n<div  class='hr av-2hd1cq-339cd5b91ebc90bb0dec8827a923159f hr-default  avia-builder-el-2  el_after_av_textblock  el_before_av_hr '><span class='hr-inner '><span class=\"hr-inner-style\"><\/span><\/span><\/div>\n\n<style type=\"text\/css\" data-created_by=\"avia_inline_auto\" id=\"style-css-av-mjr5i9zb-b294d791b3d5c2fff9f6820ff0549aed\">\n#top .hr.hr-invisible.av-mjr5i9zb-b294d791b3d5c2fff9f6820ff0549aed{\nheight:50px;\n}\n<\/style>\n<div  class='hr av-mjr5i9zb-b294d791b3d5c2fff9f6820ff0549aed hr-invisible  avia-builder-el-3  el_after_av_hr  el_before_av_heading '><span class='hr-inner '><span class=\"hr-inner-style\"><\/span><\/span><\/div>\n\n<style type=\"text\/css\" data-created_by=\"avia_inline_auto\" id=\"style-css-av-macd0340-2845274674dcbec7daedbe1f326124b6\">\n#top .av-special-heading.av-macd0340-2845274674dcbec7daedbe1f326124b6{\npadding-bottom:10px;\n}\nbody .av-special-heading.av-macd0340-2845274674dcbec7daedbe1f326124b6 .av-special-heading-tag .heading-char{\nfont-size:25px;\n}\n.av-special-heading.av-macd0340-2845274674dcbec7daedbe1f326124b6 .av-subheading{\nfont-size:15px;\n}\n<\/style>\n<div  class='av-special-heading av-macd0340-2845274674dcbec7daedbe1f326124b6 av-special-heading-h3 blockquote modern-quote modern-centered  avia-builder-el-4  el_after_av_hr  el_before_av_textblock '><h3 class='av-special-heading-tag '  itemprop=\"headline\"  >PORTRAIT ART<\/h3><div class=\"special-heading-border\"><div class=\"special-heading-inner-border\"><\/div><\/div><\/div>\n\n<style type=\"text\/css\" data-created_by=\"avia_inline_auto\" id=\"style-css-av-macd1y21-f39d861f8d3db2878c4cb13db1f5f55f\">\n.av_textblock_section.av-macd1y21-f39d861f8d3db2878c4cb13db1f5f55f{\nbackground-color:#019b8c;\n}\n#top .av_textblock_section.av-macd1y21-f39d861f8d3db2878c4cb13db1f5f55f .avia_textblock{\nfont-size:16px;\n}\n<\/style>\n<section  class='av_textblock_section av-macd1y21-f39d861f8d3db2878c4cb13db1f5f55f '   itemscope=\"itemscope\" itemtype=\"https:\/\/schema.org\/CreativeWork\" ><div class='avia_textblock'  itemprop=\"text\" ><div><\/div>\n<div><\/div>\n<div><\/div>\n<div style=\"text-align: left;\">10 mai au 7 juin<\/div>\n<div style=\"text-align: center;\">\n<div style=\"text-align: left;\"><a href=\"https:\/\/www.kunstpuntalmelo.nl\/\">  KunstpuntAlmelo<\/a><\/div>\n<div style=\"text-align: left;\"><strong>Adresse :<\/strong> Marktstraat 80, 7607 HD Almelo<\/div>\n<div style=\"text-align: left;\"><strong>Heures d&rsquo;ouverture :<\/strong> du mercredi au samedi et les dimanches de shopping de 1h30 \u00e0 17h.<\/div>\n<\/div>\n<div style=\"text-align: center;\">\n<div style=\"text-align: left;\"><\/div>\n<div><\/div>\n<div><\/div>\n<div><\/div>\n<div><img loading=\"lazy\" decoding=\"async\" class=\"wpa-warning wpa-image-missing-alt wp-image-572 aligncenter\" style=\"outline-color: #b32d2e; outline-width: 4px;\" src=\"https:\/\/floortjevanloon.nl\/wp-content\/uploads\/2023\/09\/tweeling-225x300.png\" alt=\"\" width=\"368\" height=\"491\" data-warning=\"Missing alt text\" srcset=\"https:\/\/floortjevanloon.nl\/wp-content\/uploads\/2023\/09\/tweeling-225x300.png 225w, https:\/\/floortjevanloon.nl\/wp-content\/uploads\/2023\/09\/tweeling.png 375w\" sizes=\"auto, (max-width: 368px) 100vw, 368px\" \/><\/div>\n<div><\/div>\n<div><\/div>\n<div><\/div>\n<div style=\"text-align: center;\"><\/div>\n<\/div>\n<\/div><\/section>\n<div  class='flex_column av-maccxz2u-3c9aef61c7b4c9a933902949af9b4bdf av_one_full  avia-builder-el-6  el_after_av_textblock  el_before_av_one_full  first flex_column_div  column-top-margin'     ><\/div>\n<style type=\"text\/css\" data-created_by=\"avia_inline_auto\" id=\"style-css-av-m9va8m46-8aeaf081a2a086b9da5f112f29380384\">\n.flex_column.av-m9va8m46-8aeaf081a2a086b9da5f112f29380384{\nbackground-color:#8ddde8;\n}\n<\/style>\n<div  class='flex_column av-m9va8m46-8aeaf081a2a086b9da5f112f29380384 av_one_full  avia-builder-el-7  el_after_av_one_full  el_before_av_textblock  first flex_column_div  column-top-margin'     ><style type=\"text\/css\" data-created_by=\"avia_inline_auto\" id=\"style-css-av-m9va0zlu-f6eac14106e2874446eb8794bfe63729\">\n#top .av_textblock_section.av-m9va0zlu-f6eac14106e2874446eb8794bfe63729 .avia_textblock{\nfont-size:16px;\n}\n<\/style>\n<section  class='av_textblock_section av-m9va0zlu-f6eac14106e2874446eb8794bfe63729 '   itemscope=\"itemscope\" itemtype=\"https:\/\/schema.org\/CreativeWork\" ><div class='avia_textblock'  itemprop=\"text\" ><p><strong>  Dimanche 8 juin 2025 \u00e9dition du jubil\u00e9 Art dans le Volkspark Enschede. De 11h \u00e0 17h.   <\/strong><\/p>\n<p>Mon num\u00e9ro de stand est le 44, venez me rejoindre.<img decoding=\"async\" class=\"alignleft\" src=\"https:\/\/kunstinhetvolkspark.nl\/wp-content\/uploads\/2022\/02\/lg-KihV-website-2019_2.png\"><\/p>\n<p class=\"whitespace-pre-wrap break-words\">Une \u00e9tape importante m\u00e9rite une c\u00e9l\u00e9bration sp\u00e9ciale. Le dimanche 8 juin 2025, nous c\u00e9l\u00e9brerons le 30e anniversaire de cet \u00e9v\u00e9nement artistique unique dans le magnifique Volkspark. Des d\u00e9buts modestes \u00e0 l&rsquo;int\u00e9gration dans l&rsquo;agenda culturel d&rsquo;Enschede.  <\/p>\n<p class=\"whitespace-pre-wrap break-words\">Cette \u00e9dition anniversaire festive sera un voyage \u00e0 travers trois d\u00e9cennies d&rsquo;exp\u00e9riences artistiques. De 11h \u00e0 17h, le parc se transformera en une sc\u00e8ne artistique vibrante o\u00f9 le pass\u00e9 et l&rsquo;avenir se rencontrent. <\/p>\n<p class=\"whitespace-pre-wrap break-words\">Le programme n&rsquo;a pas encore \u00e9t\u00e9 annonc\u00e9, mais il se concentrera sur 30 ans d&rsquo;histoire de l&rsquo;art dans le parc. Avec des visages familiers du pass\u00e9 et de nouveaux talents qui fa\u00e7onneront l&rsquo;avenir. <\/p>\n<p class=\"whitespace-pre-wrap break-words\">Ne manquez pas cette \u00e9dition historique et d\u00e9couvrez comment l&rsquo;art et la nature ont parfaitement fusionn\u00e9 au c\u0153ur d&rsquo;Enschede depuis 30 ans.<\/p>\n<p>Venez le dimanche 8 juin pour profiter des nombreuses formes d&rsquo;art, du travail unique des amateurs et des professionnels, de la restauration sp\u00e9ciale et du magnifique parc dans une atmosph\u00e8re d\u00e9tendue.<\/p>\n<p><a href=\"https:\/\/kunstinhetvolkspark.nl\/\">https:\/\/kunstinhetvolkspark.nl\/<\/a><\/p>\n<\/div><\/section><\/div>\n<style type=\"text\/css\" data-created_by=\"avia_inline_auto\" id=\"style-css-av-m8wydb1b-b8e5a72a5dcc69a11a6251e42b722fe8\">\n#top .av_textblock_section.av-m8wydb1b-b8e5a72a5dcc69a11a6251e42b722fe8 .avia_textblock{\nfont-size:16px;\n}\n<\/style>\n<section  class='av_textblock_section av-m8wydb1b-b8e5a72a5dcc69a11a6251e42b722fe8 '   itemscope=\"itemscope\" itemtype=\"https:\/\/schema.org\/CreativeWork\" ><div class='avia_textblock'  itemprop=\"text\" ><div class=\"wp-block-image\"><img loading=\"lazy\" decoding=\"async\" class=\"wpa-warning wpa-image-missing-alt size-medium wp-image-15197 aligncenter\" src=\"https:\/\/floortjevanloon.nl\/wp-content\/uploads\/2025\/03\/743edc90-6cf9-4573-a15f-0d43cc5829f6_thumb1024-300x238.png\" alt=\"\" width=\"300\" height=\"238\" data-warning=\"Missing alt text\" srcset=\"https:\/\/floortjevanloon.nl\/wp-content\/uploads\/2025\/03\/743edc90-6cf9-4573-a15f-0d43cc5829f6_thumb1024-300x238.png 300w, https:\/\/floortjevanloon.nl\/wp-content\/uploads\/2025\/03\/743edc90-6cf9-4573-a15f-0d43cc5829f6_thumb1024-200x158.png 200w, https:\/\/floortjevanloon.nl\/wp-content\/uploads\/2025\/03\/743edc90-6cf9-4573-a15f-0d43cc5829f6_thumb1024.png 631w\" sizes=\"auto, (max-width: 300px) 100vw, 300px\" \/><\/div>\n<p>5 avril au 3 mai 2025<\/p>\n<p>Exposition d&rsquo;artistes d&rsquo;Almelo.<\/p>\n<p><strong>Adresse :<\/strong> Marktstraat 80, 7607 HD Almelo<\/p>\n<p><strong>Heures d&rsquo;ouverture :<\/strong> du mercredi au samedi et les dimanches de shopping de 1h30 \u00e0 17h.<\/p>\n<p><a href=\"https:\/\/www.kunstpuntalmelo.nl\/\">https:\/\/www.kunstpuntalmelo.nl\/<\/a><\/p>\n<\/div><\/section>\n<\/div><\/div><\/main><!-- close content main element --><\/div><\/div>\n<style type=\"text\/css\" data-created_by=\"avia_inline_auto\" id=\"style-css-av-m1ezoabn-9a714747524a1ee3b22f93604cc75ea9\">\n.avia-section.av-m1ezoabn-9a714747524a1ee3b22f93604cc75ea9{\nbackground-color:#26b7bf;\nbackground-image:unset;\n}\n<\/style>\n<div id='av_section_2'  class='avia-section av-m1ezoabn-9a714747524a1ee3b22f93604cc75ea9 main_color avia-section-default avia-no-border-styling  avia-builder-el-10  el_after_av_section  el_before_av_hr  avia-bg-style-scroll container_wrap sidebar_left'  ><div class='container av-section-cont-open' ><div class='template-page content  av-content-small units'><div class='post-entry post-entry-type-page post-entry-4116'><div class='entry-content-wrapper clearfix'>\n\n<style type=\"text\/css\" data-created_by=\"avia_inline_auto\" id=\"style-css-av-m1khg4rw-7072e31b3f650c6e190a3a7c9d1e8e93\">\n#top .av_textblock_section.av-m1khg4rw-7072e31b3f650c6e190a3a7c9d1e8e93 .avia_textblock{\nfont-size:16px;\n}\n<\/style>\n<section  class='av_textblock_section av-m1khg4rw-7072e31b3f650c6e190a3a7c9d1e8e93 '   itemscope=\"itemscope\" itemtype=\"https:\/\/schema.org\/CreativeWork\" ><div class='avia_textblock'  itemprop=\"text\" ><p style=\"text-align: center;\">5 octobre 2024 au 2 mars 2025 exposition \u00a0\u00bbView of Almelo\u00a0\u00bb au Stedelijke Museum Almelo<br \/>\nPrinsenstraat 13 Almelo<\/p>\n<p style=\"text-align: center;\"><img loading=\"lazy\" decoding=\"async\" class=\"wpa-warning wpa-image-missing-alt size-full wp-image-9565 aligncenter\" src=\"https:\/\/floortjevanloon.nl\/wp-content\/uploads\/2024\/09\/stadsmuseum-almelo.jpg\" alt=\"\" width=\"200\" height=\"150\" data-warning=\"Missing alt text\"><\/p>\n<\/div><\/section>\n\n<style type=\"text\/css\" data-created_by=\"avia_inline_auto\" id=\"style-css-av-3m3ika-4c46faf9a371fc82bdfb52c608242c1f\">\n.flex_column.av-3m3ika-4c46faf9a371fc82bdfb52c608242c1f{\nbackground-color:#1d7a8e;\n}\n<\/style>\n<div  class='flex_column av-3m3ika-4c46faf9a371fc82bdfb52c608242c1f av_one_full  avia-builder-el-12  el_after_av_textblock  el_before_av_hr  first flex_column_div  column-top-margin'     ><style type=\"text\/css\" data-created_by=\"avia_inline_auto\" id=\"style-css-av-2v209m-ee42a17e95ecf5e8b1d1937a320432f6\">\n#top .av_textblock_section.av-2v209m-ee42a17e95ecf5e8b1d1937a320432f6 .avia_textblock{\nfont-size:16px;\n}\n<\/style>\n<section  class='av_textblock_section av-2v209m-ee42a17e95ecf5e8b1d1937a320432f6 '   itemscope=\"itemscope\" itemtype=\"https:\/\/schema.org\/CreativeWork\" ><div class='avia_textblock'  itemprop=\"text\" ><div dir=\"auto\" style=\"text-align: center;\">\n<div><\/div>\n<div><\/div>\n<div><\/div>\n<div>\n<div class=\"wp-block-image\"><\/div>\n<\/div>\n<div><img loading=\"lazy\" decoding=\"async\" class=\"wpa-warning wpa-image-missing-alt alignnone size-medium wp-image-9006\" src=\"https:\/\/floortjevanloon.nl\/wp-content\/uploads\/2024\/09\/Werk-ineke-300x217.jpg\" alt=\"\" width=\"300\" height=\"217\" data-warning=\"Missing alt text\" srcset=\"https:\/\/floortjevanloon.nl\/wp-content\/uploads\/2024\/09\/Werk-ineke-300x217.jpg 300w, https:\/\/floortjevanloon.nl\/wp-content\/uploads\/2024\/09\/Werk-ineke-1030x743.jpg 1030w, https:\/\/floortjevanloon.nl\/wp-content\/uploads\/2024\/09\/Werk-ineke-768x554.jpg 768w, https:\/\/floortjevanloon.nl\/wp-content\/uploads\/2024\/09\/Werk-ineke-1536x1109.jpg 1536w, https:\/\/floortjevanloon.nl\/wp-content\/uploads\/2024\/09\/Werk-ineke-1500x1083.jpg 1500w, https:\/\/floortjevanloon.nl\/wp-content\/uploads\/2024\/09\/Werk-ineke-705x509.jpg 705w, https:\/\/floortjevanloon.nl\/wp-content\/uploads\/2024\/09\/Werk-ineke.jpg 2048w\" sizes=\"auto, (max-width: 300px) 100vw, 300px\" \/><\/div>\n<\/div>\n<div dir=\"auto\" style=\"text-align: center;\">\n<div><\/div>\n<p>Nous, <span class=\"html-span xdj266r x11i5rnm xat24cr x1mh8g0r xexx8yu x4uap5 x18d9i69 xkhd6sd x1hl2dhg x16tdsg8 x1vvkbs\"><a class=\"x1i10hfl xjbqb8w x1ejq31n xd10rxx x1sy0etr x17r0tee x972fbf xcfux6l x1qhh985 xm0m39n x9f619 x1ypdohk xt0psk2 xe8uvvx xdj266r x11i5rnm xat24cr x1mh8g0r xexx8yu x4uap5 x18d9i69 xkhd6sd x16tdsg8 x1hl2dhg xggy1nq x1a2a7pz x1sur9pj xkrqix3 x1fey0fg x1s688f\" tabindex=\"0\" role=\"link\" href=\"https:\/\/www.facebook.com\/ineke.barkhof?__cft__%5B0%5D=AZVmfYU59lsPHInMr5a8KHNepYSLpfg3eNakLtxywj8qsGsRsSiZRFGy2nNb1BAOYx1t5WAClB5GsRqyI6EfwppE6q4U8y0jN1XDd9mQQpd3UgKMBmK08C5pro-R0W0sK-Du2esTOIc4ufDMMXA-85kn2x6tTTY2saxFtpqbZ3yy8BO_B_11x0IJ-rPTbHI0Dj7aL2UGEB3tX0Tam7nbnpKF&amp;__tn__=-%5DK-y-R\"><span class=\"xt0psk2\">Ineke Barkhof<\/span><\/a><\/span>, <span class=\"html-span xdj266r x11i5rnm xat24cr x1mh8g0r xexx8yu x4uap5 x18d9i69 xkhd6sd x1hl2dhg x16tdsg8 x1vvkbs\"><a class=\"x1i10hfl xjbqb8w x1ejq31n xd10rxx x1sy0etr x17r0tee x972fbf xcfux6l x1qhh985 xm0m39n x9f619 x1ypdohk xt0psk2 xe8uvvx xdj266r x11i5rnm xat24cr x1mh8g0r xexx8yu x4uap5 x18d9i69 xkhd6sd x16tdsg8 x1hl2dhg xggy1nq x1a2a7pz x1sur9pj xkrqix3 x1fey0fg x1s688f\" tabindex=\"0\" role=\"link\" href=\"https:\/\/www.facebook.com\/dennis.zanoni?__cft__%5B0%5D=AZVmfYU59lsPHInMr5a8KHNepYSLpfg3eNakLtxywj8qsGsRsSiZRFGy2nNb1BAOYx1t5WAClB5GsRqyI6EfwppE6q4U8y0jN1XDd9mQQpd3UgKMBmK08C5pro-R0W0sK-Du2esTOIc4ufDMMXA-85kn2x6tTTY2saxFtpqbZ3yy8BO_B_11x0IJ-rPTbHI0Dj7aL2UGEB3tX0Tam7nbnpKF&amp;__tn__=-%5DK-y-R\"><span class=\"xt0psk2\">Dennis Zanoni<\/span><\/a><\/span> et moi-m\u00eame serons les invit\u00e9s de l&rsquo;Open Atelierroute Almelo \u00e0 <span class=\"html-span xdj266r x11i5rnm xat24cr x1mh8g0r xexx8yu x4uap5 x18d9i69 xkhd6sd x1hl2dhg x16tdsg8 x1vvkbs\"><a class=\"x1i10hfl xjbqb8w x1ejq31n xd10rxx x1sy0etr x17r0tee x972fbf xcfux6l x1qhh985 xm0m39n x9f619 x1ypdohk xt0psk2 xe8uvvx xdj266r x11i5rnm xat24cr x1mh8g0r xexx8yu x4uap5 x18d9i69 xkhd6sd x16tdsg8 x1hl2dhg xggy1nq x1a2a7pz x1sur9pj xkrqix3 x1fey0fg x1s688f\" tabindex=\"0\" role=\"link\" href=\"https:\/\/www.facebook.com\/cultuurpodiumthelittlechurch?__cft__%5B0%5D=AZVmfYU59lsPHInMr5a8KHNepYSLpfg3eNakLtxywj8qsGsRsSiZRFGy2nNb1BAOYx1t5WAClB5GsRqyI6EfwppE6q4U8y0jN1XDd9mQQpd3UgKMBmK08C5pro-R0W0sK-Du2esTOIc4ufDMMXA-85kn2x6tTTY2saxFtpqbZ3yy8BO_B_11x0IJ-rPTbHI0Dj7aL2UGEB3tX0Tam7nbnpKF&amp;__tn__=-%5DK-y-R\"><span class=\"xt0psk2\">Thelittlechurch<\/span><\/a><\/span> \u00e0 Marktstraat 78<\/p>\n<\/div>\n<div dir=\"auto\" style=\"text-align: center;\">Nous vous invitons \u00e0 venir admirer nos \u0153uvres autour d&rsquo;une tasse de caf\u00e9 ou de th\u00e9. Peut-\u00eatre qu&rsquo;une bonne conversation avec l&rsquo;un d&rsquo;entre nous s&rsquo;engagera au cours de votre visite. Bien s\u00fbr, ce sera REUZE si vous achetez aussi quelque chose. Il y a des peintures, des impressions num\u00e9riques et des cr\u00e9ations de bric et de broc.   <\/div>\n<div dir=\"auto\" style=\"text-align: center;\">Les heures d&rsquo;ouverture sont le samedi 28 et le dimanche 29 septembre de 11 heures \u00e0 17 heures.<\/div>\n<div dir=\"auto\" style=\"text-align: center;\">\n<p>Partagez ce message avec tous vos amis. Plus il y a de visiteurs, plus c&rsquo;est amusant. <\/p>\n<div class=\"wp-block-image\"><img loading=\"lazy\" decoding=\"async\" class=\"wpa-warning wpa-image-missing-alt alignnone size-medium wp-image-9010\" src=\"https:\/\/floortjevanloon.nl\/wp-content\/uploads\/2024\/09\/werk-Dennis-300x170.jpg\" alt=\"\" width=\"300\" height=\"170\" data-warning=\"Missing alt text\" srcset=\"https:\/\/floortjevanloon.nl\/wp-content\/uploads\/2024\/09\/werk-Dennis-300x170.jpg 300w, https:\/\/floortjevanloon.nl\/wp-content\/uploads\/2024\/09\/werk-Dennis-1030x583.jpg 1030w, https:\/\/floortjevanloon.nl\/wp-content\/uploads\/2024\/09\/werk-Dennis-768x435.jpg 768w, https:\/\/floortjevanloon.nl\/wp-content\/uploads\/2024\/09\/werk-Dennis-1536x869.jpg 1536w, https:\/\/floortjevanloon.nl\/wp-content\/uploads\/2024\/09\/werk-Dennis-2048x1159.jpg 2048w, https:\/\/floortjevanloon.nl\/wp-content\/uploads\/2024\/09\/werk-Dennis-1500x849.jpg 1500w, https:\/\/floortjevanloon.nl\/wp-content\/uploads\/2024\/09\/werk-Dennis-705x399.jpg 705w\" sizes=\"auto, (max-width: 300px) 100vw, 300px\" \/><\/div>\n<\/div>\n<div dir=\"auto\" style=\"text-align: center;\">Pour plus d&rsquo;informations, cliquez sur le lien<\/div>\n<div dir=\"auto\" style=\"text-align: center;\">La petite \u00e9glise<\/div>\n<div class=\"wp-block-image\">\n<div class=\"wp-block-image\">\n<div class=\"wp-block-image\">\n<div class=\"wp-block-image\">\n<div id=\"attachment_3654\" style=\"width: 275px\" class=\"wp-caption aligncenter\"><img loading=\"lazy\" decoding=\"async\" aria-describedby=\"caption-attachment-3654\" class=\"wpa-warning wpa-image-missing-alt wp-image-3654 \" src=\"https:\/\/floortjevanloon.nl\/wp-content\/uploads\/2024\/05\/raadsvrouw-pgn-222x300.png\" alt=\"\" width=\"265\" height=\"358\" data-warning=\"Missing alt text\" srcset=\"https:\/\/floortjevanloon.nl\/wp-content\/uploads\/2024\/05\/raadsvrouw-pgn-222x300.png 222w, https:\/\/floortjevanloon.nl\/wp-content\/uploads\/2024\/05\/raadsvrouw-pgn.png 500w\" sizes=\"auto, (max-width: 265px) 100vw, 265px\" \/><p id=\"caption-attachment-3654\" class=\"wp-caption-text\">Floortje van Loon<\/p><\/div>\n<\/div>\n<\/div>\n<\/div>\n<\/div>\n<\/div><\/section><br \/>\n<section  class='av_textblock_section av-95ofyy-bff5acf6614eb6d904bba7ca65f4b75e '   itemscope=\"itemscope\" itemtype=\"https:\/\/schema.org\/CreativeWork\" ><div class='avia_textblock'  itemprop=\"text\" ><\/div><\/section><\/p><\/div><div  class='hr av-20nm4a-69091e39f3e55d136d4f09b6a4014f7f hr-default  avia-builder-el-15  el_after_av_one_full  el_before_av_textblock '><span class='hr-inner '><span class=\"hr-inner-style\"><\/span><\/span><\/div>\n\n<style type=\"text\/css\" data-created_by=\"avia_inline_auto\" id=\"style-css-av-lwj3e1zs-6-00359dfa7fede9266e7bad0e937aecab\">\n#top .av_textblock_section.av-lwj3e1zs-6-00359dfa7fede9266e7bad0e937aecab .avia_textblock{\nfont-size:16px;\ncolor:#000000;\n}\n<\/style>\n<section  class='av_textblock_section av-lwj3e1zs-6-00359dfa7fede9266e7bad0e937aecab '   itemscope=\"itemscope\" itemtype=\"https:\/\/schema.org\/CreativeWork\" ><div class='avia_textblock av_inherit_color'  itemprop=\"text\" ><p><img loading=\"lazy\" decoding=\"async\" class=\"alignnone size-full wp-image-8424 aligncenter\" src=\"https:\/\/floortjevanloon.nl\/wp-content\/uploads\/2024\/09\/kerkje.png\" alt=\"\u00e9glise\" width=\"500\" height=\"709\" srcset=\"https:\/\/floortjevanloon.nl\/wp-content\/uploads\/2024\/09\/kerkje.png 500w, https:\/\/floortjevanloon.nl\/wp-content\/uploads\/2024\/09\/kerkje-212x300.png 212w, https:\/\/floortjevanloon.nl\/wp-content\/uploads\/2024\/09\/kerkje-497x705.png 497w\" sizes=\"auto, (max-width: 500px) 100vw, 500px\" \/><br \/>\n6 septembre au 29 septembre Exposition sommaire. Dans la maison du coton et maintenant. Almelo<img loading=\"lazy\" decoding=\"async\" class=\"wpa-warning wpa-image-missing-alt wp-image-8655 aligncenter\" src=\"https:\/\/floortjevanloon.nl\/wp-content\/uploads\/2024\/09\/huis-van.jpg\" alt=\"\" width=\"445\" height=\"625\" data-warning=\"Missing alt text\" srcset=\"https:\/\/floortjevanloon.nl\/wp-content\/uploads\/2024\/09\/huis-van.jpg 1080w, https:\/\/floortjevanloon.nl\/wp-content\/uploads\/2024\/09\/huis-van-214x300.jpg 214w, https:\/\/floortjevanloon.nl\/wp-content\/uploads\/2024\/09\/huis-van-734x1030.jpg 734w, https:\/\/floortjevanloon.nl\/wp-content\/uploads\/2024\/09\/huis-van-768x1077.jpg 768w, https:\/\/floortjevanloon.nl\/wp-content\/uploads\/2024\/09\/huis-van-1069x1500.jpg 1069w, https:\/\/floortjevanloon.nl\/wp-content\/uploads\/2024\/09\/huis-van-503x705.jpg 503w\" sizes=\"auto, (max-width: 445px) 100vw, 445px\" \/>Venez jeter un coup d&rsquo;\u0153il \u00e0 Kunst Punt Almelo, 10 de mes \u0153uvres sont expos\u00e9es dans le magasin d&rsquo;art jusqu&rsquo;au 8 septembre \u00e0 la galerie<strong>.Heures d&rsquo;ouverture : <\/strong>du mardi au samedi et les dimanches de shopping de 14h30 \u00e0 17h.\u00e0 Grotestraat 37 Almelo (Centrum<a href=\"https:\/\/www.kunstpuntalmelo.nl\/\">)https:\/\/www.kunstpuntalmelo.nl\/<\/a><img loading=\"lazy\" decoding=\"async\" class=\"wpa-warning wpa-image-missing-alt size-featured wp-image-7320 aligncenter\" src=\"https:\/\/floortjevanloon.nl\/wp-content\/uploads\/2024\/08\/reklame-500x430.png\" alt=\"\" width=\"500\" height=\"430\" data-warning=\"Missing alt text\"><\/p>\n<\/div><\/section>\n<section  class='av_textblock_section av-31suju-a8d544b5ee93c7d735ec1f348ce8a903 '   itemscope=\"itemscope\" itemtype=\"https:\/\/schema.org\/CreativeWork\" ><div class='avia_textblock'  itemprop=\"text\" ><\/div><\/section>\n<\/div><\/div><\/div><!-- close content main div --><\/div><\/div><div id='after_section_2'  class='main_color av_default_container_wrap container_wrap sidebar_left'  ><div class='container av-section-cont-open' ><div class='template-page content  av-content-small units'><div class='post-entry post-entry-type-page post-entry-4116'><div class='entry-content-wrapper clearfix'><\/p>\n<div  class='hr av-m9vbt17y-bd5087d0d4a800e804cb22e3d10b6c89 hr-full  avia-builder-el-18  el_after_av_section  avia-builder-el-no-sibling  hr-shadow'><span class='hr-inner '><span class=\"hr-inner-style\"><\/span><\/span><\/div>\n","protected":false},"excerpt":{"rendered":"","protected":false},"author":1,"featured_media":0,"parent":0,"menu_order":0,"comment_status":"closed","ping_status":"closed","template":"","meta":{"footnotes":""},"class_list":["post-4116","page","type-page","status-publish","hentry"],"_links":{"self":[{"href":"https:\/\/floortjevanloon.nl\/fr\/wp-json\/wp\/v2\/pages\/4116","targetHints":{"allow":["GET"]}}],"collection":[{"href":"https:\/\/floortjevanloon.nl\/fr\/wp-json\/wp\/v2\/pages"}],"about":[{"href":"https:\/\/floortjevanloon.nl\/fr\/wp-json\/wp\/v2\/types\/page"}],"author":[{"embeddable":true,"href":"https:\/\/floortjevanloon.nl\/fr\/wp-json\/wp\/v2\/users\/1"}],"replies":[{"embeddable":true,"href":"https:\/\/floortjevanloon.nl\/fr\/wp-json\/wp\/v2\/comments?post=4116"}],"version-history":[{"count":0,"href":"https:\/\/floortjevanloon.nl\/fr\/wp-json\/wp\/v2\/pages\/4116\/revisions"}],"wp:attachment":[{"href":"https:\/\/floortjevanloon.nl\/fr\/wp-json\/wp\/v2\/media?parent=4116"}],"curies":[{"name":"wp","href":"https:\/\/api.w.org\/{rel}","templated":true}]}}