{"id":2301,"date":"2024-03-14T12:22:06","date_gmt":"2024-03-14T12:22:06","guid":{"rendered":"https:\/\/floortjevanloon.nl\/dans-lactualite\/"},"modified":"2026-03-15T13:09:48","modified_gmt":"2026-03-15T13:09:48","slug":"dans-lactualite","status":"publish","type":"page","link":"https:\/\/floortjevanloon.nl\/fr\/dans-lactualite\/","title":{"rendered":"Dans l&rsquo;actualit\u00e9"},"content":{"rendered":"\n<style type=\"text\/css\" data-created_by=\"avia_inline_auto\" id=\"style-css-av-mk15wpcy-55803ee9ad85dd520ba4179cb6ac8334\">\n#top .av-special-heading.av-mk15wpcy-55803ee9ad85dd520ba4179cb6ac8334{\npadding-bottom:10px;\n}\nbody .av-special-heading.av-mk15wpcy-55803ee9ad85dd520ba4179cb6ac8334 .av-special-heading-tag .heading-char{\nfont-size:25px;\n}\n.av-special-heading.av-mk15wpcy-55803ee9ad85dd520ba4179cb6ac8334 .av-subheading{\nfont-size:15px;\n}\n<\/style>\n<div  class='av-special-heading av-mk15wpcy-55803ee9ad85dd520ba4179cb6ac8334 av-special-heading-h3 blockquote modern-quote modern-centered  avia-builder-el-0  el_before_av_section  avia-builder-el-no-sibling '><h3 class='av-special-heading-tag '  itemprop=\"headline\"  >Exposition Floortje van Loon &quot;IT IS NOT WHAT IT LIKE&quot; (Ce n\u2019est pas ce que l\u2019on croit)<\/h3><div class=\"special-heading-border\"><div class=\"special-heading-inner-border\"><\/div><\/div><\/div>\n<\/div><\/div><\/div><!-- close content main div --><\/div><\/div>\n<style type=\"text\/css\" data-created_by=\"avia_inline_auto\" id=\"style-css-av-mk15t6i4-0a698993c7b761285385d79d5145990e\">\n.avia-section.av-mk15t6i4-0a698993c7b761285385d79d5145990e{\nbackground-color:#756484;\nbackground-image:unset;\n}\n<\/style>\n<div id='av_section_1'  class='avia-section av-mk15t6i4-0a698993c7b761285385d79d5145990e main_color avia-section-default avia-no-border-styling  avia-builder-el-1  el_after_av_heading  el_before_av_hr  avia-bg-style-scroll container_wrap sidebar_left'  ><div class='container av-section-cont-open' ><div class='template-page content  av-content-small units'><div class='post-entry post-entry-type-page post-entry-2301'><div class='entry-content-wrapper clearfix'>\n\n<style type=\"text\/css\" data-created_by=\"avia_inline_auto\" id=\"style-css-av-mmrr4ppt-76c2cbc66697790a63e6449117d24c53\">\n#top .av_textblock_section.av-mmrr4ppt-76c2cbc66697790a63e6449117d24c53 .avia_textblock{\nfont-size:19px;\n}\n<\/style>\n<section  class='av_textblock_section av-mmrr4ppt-76c2cbc66697790a63e6449117d24c53 '   itemscope=\"itemscope\" itemtype=\"https:\/\/schema.org\/CreativeWork\" ><div class='avia_textblock'  itemprop=\"text\" ><div class=\"wp-block-image\">\n<p class=\"isSelectedEnd\">La vente aux ench\u00e8res de mon \u0153uvre <strong>\u00a0\u00bbLet each other free\u00a0\u00bb<\/strong> \u00e0 la Maison du coton &amp; maintenant bat son plein ! \u2728<\/p>\n<p class=\"isSelectedEnd\">Le prix est d\u00e9j\u00e0 de <strong>335 \u20ac<\/strong> avec <strong>13 offres<\/strong> &#8211; et il reste encore <strong>15 jours<\/strong>. Cela signifie que l&rsquo;offre peut encore \u00e9voluer dans un sens ou dans l&rsquo;autre. <\/p>\n<p class=\"isSelectedEnd\">Je constate que cette \u0153uvre suscite beaucoup d&rsquo;int\u00e9r\u00eat, ce qui me r\u00e9jouit \u00e9norm\u00e9ment. En m\u00eame temps, je sais que dans les derniers jours d&rsquo;une vente aux ench\u00e8res, les choses peuvent aller tr\u00e8s vite. <\/p>\n<p>Toutes les recettes sont consacr\u00e9es \u00e0 l&rsquo;achat de caf\u00e9 pour les invit\u00e9s de la House of Cotton and Now, un petit geste qui rend possible la rencontre et l&rsquo;hospitalit\u00e9.<\/p>\n<p class=\"isSelectedEnd\">C&rsquo;est ce que je dis :  <strong>Vous avez des doutes ? Faites une offre. <\/strong><br \/>\nPeut-\u00eatre serez-vous bient\u00f4t celui ou celle qui donnera une nouvelle place \u00e0 ce travail.<\/p>\n<p>Je suis tr\u00e8s curieux de voir o\u00f9 aboutira cette vente aux ench\u00e8res !<\/p>\n<p>Faites une offre ici ! <strong>vente aux ench\u00e8res<\/strong><\/p>\n<p><a href=\"https:\/\/vankatoenennu.nl\/veiling\/?ult_auc_id=4720\"><img loading=\"lazy\" decoding=\"async\" class=\"wpa-warning wpa-image-missing-alt wp-image-19609 aligncenter\" src=\"https:\/\/floortjevanloon.nl\/wp-content\/uploads\/2026\/03\/Screenshot-2026-03-15-at-13-30-37-Veiling-Van-katoen-en-nu-300x182.png\" alt=\"\" width=\"904\" height=\"548\" data-warning=\"Ontbrekende alt-tekst\" srcset=\"https:\/\/floortjevanloon.nl\/wp-content\/uploads\/2026\/03\/Screenshot-2026-03-15-at-13-30-37-Veiling-Van-katoen-en-nu-300x182.png 300w, https:\/\/floortjevanloon.nl\/wp-content\/uploads\/2026\/03\/Screenshot-2026-03-15-at-13-30-37-Veiling-Van-katoen-en-nu-1030x626.png 1030w, https:\/\/floortjevanloon.nl\/wp-content\/uploads\/2026\/03\/Screenshot-2026-03-15-at-13-30-37-Veiling-Van-katoen-en-nu-768x467.png 768w\" sizes=\"auto, (max-width: 904px) 100vw, 904px\" \/><\/a><\/p>\n<\/div>\n<p style=\"text-align: center;\">\n<\/div><\/section>\n<div  class='hr av-2tq5kj-7ca8cb2bbeb1197e23b9b41138acb620 hr-default  avia-builder-el-3  el_after_av_textblock  el_before_av_one_half '><span class='hr-inner '><span class=\"hr-inner-style\"><\/span><\/span><\/div>\n<div  class='flex_column av-294zgz-e242fc7a185513353be7830bb83074ce av_one_half  avia-builder-el-4  el_after_av_hr  el_before_av_one_half  first flex_column_div  '     ><style type=\"text\/css\" data-created_by=\"avia_inline_auto\" id=\"style-css-av-ml6j7lql-628a39950f1af037748db1d438ef1024\">\n#top .av_textblock_section.av-ml6j7lql-628a39950f1af037748db1d438ef1024 .avia_textblock{\nfont-size:16px;\n}\n<\/style>\n<section  class='av_textblock_section av-ml6j7lql-628a39950f1af037748db1d438ef1024 '   itemscope=\"itemscope\" itemtype=\"https:\/\/schema.org\/CreativeWork\" ><div class='avia_textblock'  itemprop=\"text\" ><div class=\"wp-block-image\"><img loading=\"lazy\" decoding=\"async\" class=\"wpa-warning wpa-image-missing-alt wp-image-18817 alignleft\" src=\"https:\/\/floortjevanloon.nl\/wp-content\/uploads\/2026\/02\/Screenshot-2026-02-03-at-11-18-34-Facebook.png\" alt=\"\" width=\"765\" height=\"733\" data-warning=\"Ontbrekende alt-tekst\" srcset=\"https:\/\/floortjevanloon.nl\/wp-content\/uploads\/2026\/02\/Screenshot-2026-02-03-at-11-18-34-Facebook.png 918w, https:\/\/floortjevanloon.nl\/wp-content\/uploads\/2026\/02\/Screenshot-2026-02-03-at-11-18-34-Facebook-300x288.png 300w, https:\/\/floortjevanloon.nl\/wp-content\/uploads\/2026\/02\/Screenshot-2026-02-03-at-11-18-34-Facebook-768x736.png 768w, https:\/\/floortjevanloon.nl\/wp-content\/uploads\/2026\/02\/Screenshot-2026-02-03-at-11-18-34-Facebook-705x676.png 705w, https:\/\/floortjevanloon.nl\/wp-content\/uploads\/2026\/02\/Screenshot-2026-02-03-at-11-18-34-Facebook-200x192.png 200w\" sizes=\"auto, (max-width: 765px) 100vw, 765px\" \/>  Quel honneur !!! Je suis \u00e9galement l&rsquo;artiste du mois de f\u00e9vrier \u00e0 Almelo, en m\u00eame temps que mon exposition dans le mus\u00e9e.   <a href=\"https:\/\/vankatoenennu.nl\/\">La maison de la dentelle et maintenant  <\/a><\/div>\n<div>L&rsquo;histoire compl\u00e8te peut \u00eatre lue sur la page Facebook d&rsquo;<a href=\"https:\/\/almelo1.nl\/floortje-van-loon-is-kunstenaar-van-de-maand-februari\/?utm_source=facebook&amp;utm_medium=jetpack_social&amp;fbclid=IwY2xjawPuvrZleHRuA2FlbQIxMQBzcnRjBmFwcF9pZBAyMjIwMzkxNzg4MjAwODkyAAEePlC042xZuLPSrzZ4nsLwxeTB6l4tYiJsTMNtvFQ8kD75avm7p5lsyb91Z8M_aem_FBuQw6avcSp8P2LyR6jQOQ\">almelo1<\/a>.<\/div>\n<\/div><\/section><\/div><div  class='flex_column av-281z5f-651074bc0aa155ca2a1bc4d68f9cc967 av_one_half  avia-builder-el-6  el_after_av_one_half  el_before_av_one_half  flex_column_div  '     ><style type=\"text\/css\" data-created_by=\"avia_inline_auto\" id=\"style-css-av-mk160a9p-4844b0199c88798632ff462834bee3ec\">\n#top .av_textblock_section.av-mk160a9p-4844b0199c88798632ff462834bee3ec .avia_textblock{\nfont-size:16px;\n}\n<\/style>\n<section  class='av_textblock_section av-mk160a9p-4844b0199c88798632ff462834bee3ec '   itemscope=\"itemscope\" itemtype=\"https:\/\/schema.org\/CreativeWork\" ><div class='avia_textblock'  itemprop=\"text\" ><div class=\"wp-block-image\"><img loading=\"lazy\" decoding=\"async\" class=\"wpa-warning wpa-image-missing-alt size-large wp-image-17649 aligncenter\" src=\"https:\/\/floortjevanloon.nl\/wp-content\/uploads\/2026\/01\/pers-485x1030.jpg\" alt=\"\" width=\"485\" height=\"1030\" data-warning=\"Ontbrekende alt-tekst\" srcset=\"https:\/\/floortjevanloon.nl\/wp-content\/uploads\/2026\/01\/pers-485x1030.jpg 485w, https:\/\/floortjevanloon.nl\/wp-content\/uploads\/2026\/01\/pers-141x300.jpg 141w, https:\/\/floortjevanloon.nl\/wp-content\/uploads\/2026\/01\/pers-768x1631.jpg 768w, https:\/\/floortjevanloon.nl\/wp-content\/uploads\/2026\/01\/pers-723x1536.jpg 723w, https:\/\/floortjevanloon.nl\/wp-content\/uploads\/2026\/01\/pers-964x2048.jpg 964w, https:\/\/floortjevanloon.nl\/wp-content\/uploads\/2026\/01\/pers-706x1500.jpg 706w, https:\/\/floortjevanloon.nl\/wp-content\/uploads\/2026\/01\/pers-332x705.jpg 332w, https:\/\/floortjevanloon.nl\/wp-content\/uploads\/2026\/01\/pers-200x425.jpg 200w, https:\/\/floortjevanloon.nl\/wp-content\/uploads\/2026\/01\/pers-scaled.jpg 1205w\" sizes=\"auto, (max-width: 485px) 100vw, 485px\" \/><\/div>\n<div><\/div>\n<div style=\"text-align: center;\"><a href=\"https:\/\/almelo1.nl\/solo-expositie-van-floortje-van-loon-in-huis-van-katoen-nu\/\">https:\/\/almelo1.nl\/solo-expositie-van-floortje-van-loon-in-huis-van-katoen-nu\/<\/a><\/div>\n<div><\/div>\n<\/div><\/section><br \/>\n<div  class='hr av-2k9krn-564277dc32a463e00ae7061436065432 hr-default  avia-builder-el-8  el_after_av_textblock  avia-builder-el-last '><span class='hr-inner '><span class=\"hr-inner-style\"><\/span><\/span><\/div><\/p><\/div><div  class='flex_column av-4cne4j-1e86e6fac14d41374df0d2cc2f118ab2 av_one_half  avia-builder-el-9  el_after_av_one_half  el_before_av_hr  first flex_column_div  column-top-margin'     ><div  class='avia-video av-mk15spz8-2e1829d653bf08e756b2e858440090e7 avia-video-4-3 av-no-preview-image avia-video-load-always av-lazyload-immediate av-lazyload-video-embed'  itemprop=\"video\" itemtype=\"https:\/\/schema.org\/VideoObject\"  data-original_url='https:\/\/youtu.be\/XKADarX8ODI?si=xqR75UPGM1taEJmz'><script type='text\/html' class='av-video-tmpl'><div class='avia-iframe-wrap'><iframe loading=\"lazy\" title=\"\u2018Het is niet wat het lijkt\u2019: digitale expositie van Floortje van Loon in Almelo\" width=\"1500\" height=\"844\" src=\"https:\/\/www.youtube.com\/embed\/XKADarX8ODI?feature=oembed&autoplay=0&loop=0&controls=1&mute=0\" frameborder=\"0\" allow=\"accelerometer; autoplay; clipboard-write; encrypted-media; gyroscope; picture-in-picture; web-share\" referrerpolicy=\"strict-origin-when-cross-origin\" allowfullscreen><\/iframe><\/div><\/script><div class='av-click-to-play-overlay'><div class=\"avia_playpause_icon\"><\/div><\/div><\/div><\/div><div  class='hr av-5gkair-3c6e4b076265629decc42d2d057ce2fa hr-default  avia-builder-el-11  el_after_av_one_half  el_before_av_one_third '><span class='hr-inner '><span class=\"hr-inner-style\"><\/span><\/span><\/div>\n<div  class='flex_column av-22ofk3-8c12d8356e1cc87c43debbcad0319964 av_one_third  avia-builder-el-12  el_after_av_hr  avia-builder-el-last  first flex_column_div  '     ><style type=\"text\/css\" data-created_by=\"avia_inline_auto\" id=\"style-css-av-mk16l839-ec0462dee3d1c6db5d05a89dea4e88b7\">\n#top .av_textblock_section.av-mk16l839-ec0462dee3d1c6db5d05a89dea4e88b7 .avia_textblock{\nfont-size:16px;\ntext-align:justify;\n}\n<\/style>\n<section  class='av_textblock_section av-mk16l839-ec0462dee3d1c6db5d05a89dea4e88b7 '   itemscope=\"itemscope\" itemtype=\"https:\/\/schema.org\/CreativeWork\" ><div class='avia_textblock'  itemprop=\"text\" ><div class=\"wp-block-image\"><img loading=\"lazy\" decoding=\"async\" class=\"wpa-warning wpa-image-missing-alt alignnone size-large wp-image-17113\" src=\"https:\/\/floortjevanloon.nl\/wp-content\/uploads\/2025\/12\/Digitale-uitnodiging-1030x654.jpg\" alt=\"\" width=\"1030\" height=\"654\" data-warning=\"Ontbrekende alt-tekst\" srcset=\"https:\/\/floortjevanloon.nl\/wp-content\/uploads\/2025\/12\/Digitale-uitnodiging-1030x654.jpg 1030w, https:\/\/floortjevanloon.nl\/wp-content\/uploads\/2025\/12\/Digitale-uitnodiging-300x191.jpg 300w, https:\/\/floortjevanloon.nl\/wp-content\/uploads\/2025\/12\/Digitale-uitnodiging-768x488.jpg 768w, https:\/\/floortjevanloon.nl\/wp-content\/uploads\/2025\/12\/Digitale-uitnodiging-1536x976.jpg 1536w, https:\/\/floortjevanloon.nl\/wp-content\/uploads\/2025\/12\/Digitale-uitnodiging-2048x1301.jpg 2048w, https:\/\/floortjevanloon.nl\/wp-content\/uploads\/2025\/12\/Digitale-uitnodiging-1500x953.jpg 1500w, https:\/\/floortjevanloon.nl\/wp-content\/uploads\/2025\/12\/Digitale-uitnodiging-705x448.jpg 705w, https:\/\/floortjevanloon.nl\/wp-content\/uploads\/2025\/12\/Digitale-uitnodiging-200x127.jpg 200w\" sizes=\"auto, (max-width: 1030px) 100vw, 1030px\" \/><\/div>\n<div><\/div>\n<div><\/div>\n<div><\/div>\n<div>La Maison du coton et du pr\u00e9sent est une ic\u00f4ne pour Almelo. N\u00e9e d&rsquo;une com\u00e9die musicale inoubliable, elle se poursuit aujourd&rsquo;hui comme un b\u00e2timent qui relie. Avec tout ce que les habitants d&rsquo;Almelo aiment : H\u00e9racl\u00e8s, les (anciens) habitants c\u00e9l\u00e8bres, les photos et les films, les portraits libres, les histoires partag\u00e9es, etc, etc. Mais c&rsquo;est plus que cela : un terrain propice \u00e0 de nouvelles activit\u00e9s, un fourmillement culturel, o\u00f9 les choses et les gens sont connect\u00e9s. Dans l&rsquo;int\u00e9r\u00eat du centre-ville \u00e9galement.    <\/div>\n<div><\/div>\n<div class=\"wp-block-image\"><a href=\"https:\/\/www.facebook.com\/vankatoenennu\">https:\/\/www.facebook.com\/vankatoenennu<\/a><\/div>\n<p>L&rsquo;extrait d&rsquo;article ci-dessous est tir\u00e9 de  <a href=\"https:\/\/almelo1.nl\/\">Almelo1<\/a><\/p>\n<blockquote>\n<p><strong>Au-del\u00e0 de la premi\u00e8re impression<\/strong><br \/>\nDans l&rsquo;exposition \u00a0\u00bbIt&rsquo;s not what it seems\u00a0\u00bb, Van Loon joue d\u00e9lib\u00e9r\u00e9ment avec la reconnaissance et l&rsquo;ali\u00e9nation. Une image qui semble claire au premier coup d&rsquo;\u0153il change au fur et \u00e0 mesure que vous la regardez. L&rsquo;exposition invite les visiteurs \u00e0 douter, \u00e0 interpr\u00e9ter et \u00e0 \u00eatre surpris.  <\/p>\n<p><strong>Active dans le monde de l&rsquo;art r\u00e9gional<\/strong>,<br \/>\nVan Loon a expos\u00e9 dans divers lieux \u00e0 Almelo et au-del\u00e0 ces derni\u00e8res ann\u00e9es. Elle a particip\u00e9 \u00e0 la Biennale internationale de l&rsquo;art brut \u00e0 Hengelo, \u00e0 Kunstpunt Almelo, \u00e0 Open Ateliers Almelo et \u00e0 l&rsquo;Open Air Gallery \u00e0 Enschede. Elle a \u00e9galement organis\u00e9 ses propres expositions avec d&rsquo;autres artistes, y compris des expositions pop-up. L&rsquo;art accessible et inclusif est un principe important pour elle : l&rsquo;art doit \u00eatre accessible \u00e0 tous.   <\/p>\n<\/blockquote>\n<\/div><\/section><\/div><\/div><\/div><\/div><!-- close content main div --><\/div><\/div><div id='after_section_1'  class='main_color av_default_container_wrap container_wrap sidebar_left'  ><div class='container av-section-cont-open' ><div class='template-page content  av-content-small units'><div class='post-entry post-entry-type-page post-entry-2301'><div class='entry-content-wrapper clearfix'><div  class='hr av-4mrbz7-33021369ec10ddb5f2607b4422b3b608 hr-default  avia-builder-el-14  el_after_av_section  el_before_av_section  avia-builder-el-no-sibling '><span class='hr-inner '><span class=\"hr-inner-style\"><\/span><\/span><\/div><\/p>\n<\/div><\/div><\/div><!-- close content main div --><\/div><\/div>\n<style type=\"text\/css\" data-created_by=\"avia_inline_auto\" id=\"style-css-av-lwyr7x9s-bbd6ab229b74c5be95ad72474e465112\">\n.avia-section.av-lwyr7x9s-bbd6ab229b74c5be95ad72474e465112{\nbackground-color:rgba(41,198,188,0.46);\nbackground-image:unset;\n}\n<\/style>\n<div id='av_section_2'  class='avia-section av-lwyr7x9s-bbd6ab229b74c5be95ad72474e465112 main_color avia-section-default avia-no-border-styling  avia-builder-el-15  el_after_av_hr  el_before_av_hr  avia-bg-style-scroll container_wrap sidebar_left'  ><div class='container av-section-cont-open' ><div class='template-page content  av-content-small units'><div class='post-entry post-entry-type-page post-entry-2301'><div class='entry-content-wrapper clearfix'>\n\n<style type=\"text\/css\" data-created_by=\"avia_inline_auto\" id=\"style-css-av-mambiite-f1c0ace73eb595d424a9ef2f94a11b91\">\n.avia-image-container.av-mambiite-f1c0ace73eb595d424a9ef2f94a11b91 img.avia_image{\nbox-shadow:none;\n}\n.avia-image-container.av-mambiite-f1c0ace73eb595d424a9ef2f94a11b91 .av-image-caption-overlay-center{\ncolor:#ffffff;\n}\n<\/style>\n<div  class='avia-image-container av-mambiite-f1c0ace73eb595d424a9ef2f94a11b91 av-styling- av-img-linked avia-align-center  avia-builder-el-16  el_before_av_one_full  avia-builder-el-first '   itemprop=\"image\" itemscope=\"itemscope\" itemtype=\"https:\/\/schema.org\/ImageObject\" ><div class=\"avia-image-container-inner\"><div class=\"avia-image-overlay-wrap\"><a href=\"https:\/\/floortjevanloon.nl\/fr\/expositions\/\" class='avia_image '  aria-label='l&#039;art'><img decoding=\"async\" fetchpriority=\"high\" class='wp-image-15771 avia-img-lazy-loading-not-15771 avia_image ' src=\"https:\/\/floortjevanloon.nl\/wp-content\/uploads\/2025\/05\/kunst-726x1030.jpg\" alt='' title='l&#039;art'  height=\"1030\" width=\"726\"  itemprop=\"thumbnailUrl\" srcset=\"https:\/\/floortjevanloon.nl\/wp-content\/uploads\/2025\/05\/kunst-726x1030.jpg 726w, https:\/\/floortjevanloon.nl\/wp-content\/uploads\/2025\/05\/kunst-212x300.jpg 212w, https:\/\/floortjevanloon.nl\/wp-content\/uploads\/2025\/05\/kunst-768x1089.jpg 768w, https:\/\/floortjevanloon.nl\/wp-content\/uploads\/2025\/05\/kunst-1083x1536.jpg 1083w, https:\/\/floortjevanloon.nl\/wp-content\/uploads\/2025\/05\/kunst-1058x1500.jpg 1058w, https:\/\/floortjevanloon.nl\/wp-content\/uploads\/2025\/05\/kunst-497x705.jpg 497w, https:\/\/floortjevanloon.nl\/wp-content\/uploads\/2025\/05\/kunst-200x284.jpg 200w, https:\/\/floortjevanloon.nl\/wp-content\/uploads\/2025\/05\/kunst.jpg 1444w\" sizes=\"(max-width: 726px) 100vw, 726px\" \/><\/a><\/div><\/div><\/div>\n<div  class='flex_column av-2cn883-abebf1252d00dd94a1c081427f18715c av_one_full  avia-builder-el-17  el_after_av_image  el_before_av_textblock  first flex_column_div  '     ><p>\n<style type=\"text\/css\" data-created_by=\"avia_inline_auto\" id=\"style-css-av-m9wnd22q-df16e92f8b8c5330d65aadeec461d7a8\">\n#top .av-special-heading.av-m9wnd22q-df16e92f8b8c5330d65aadeec461d7a8{\npadding-bottom:10px;\n}\nbody .av-special-heading.av-m9wnd22q-df16e92f8b8c5330d65aadeec461d7a8 .av-special-heading-tag .heading-char{\nfont-size:25px;\n}\n.av-special-heading.av-m9wnd22q-df16e92f8b8c5330d65aadeec461d7a8 .av-subheading{\nfont-size:15px;\n}\n<\/style>\n<div  class='av-special-heading av-m9wnd22q-df16e92f8b8c5330d65aadeec461d7a8 av-special-heading-h3  avia-builder-el-18  el_before_av_image  avia-builder-el-first '><h3 class='av-special-heading-tag '  itemprop=\"headline\"  >ENFIN ! 3O ANS D\u2019ART DANS LE VOLKSPARK ENSCHEDE<\/h3><div class=\"special-heading-border\"><div class=\"special-heading-inner-border\"><\/div><\/div><\/div><br \/>\n\n<style type=\"text\/css\" data-created_by=\"avia_inline_auto\" id=\"style-css-av-mamcbpm7-3de5f3db81bf4cb4909352c48679e8d3\">\n.avia-image-container.av-mamcbpm7-3de5f3db81bf4cb4909352c48679e8d3 img.avia_image{\nbox-shadow:none;\n}\n.avia-image-container.av-mamcbpm7-3de5f3db81bf4cb4909352c48679e8d3 .av-image-caption-overlay-center{\ncolor:#ffffff;\n}\n<\/style>\n<div  class='avia-image-container av-mamcbpm7-3de5f3db81bf4cb4909352c48679e8d3 av-styling- avia-align-center  avia-builder-el-19  el_after_av_heading  el_before_av_hr '   itemprop=\"image\" itemscope=\"itemscope\" itemtype=\"https:\/\/schema.org\/ImageObject\" ><div class=\"avia-image-container-inner\"><div class=\"avia-image-overlay-wrap\"><img decoding=\"async\" fetchpriority=\"high\" class='wp-image-15863 avia-img-lazy-loading-not-15863 avia_image ' src=\"https:\/\/floortjevanloon.nl\/wp-content\/uploads\/2025\/05\/KIHV_Bram_Olde_Wieverink-92-scaled-1.png\" alt='' title='KIHV_Bram_Olde_Wieverink-92-\u00e9chelle'  height=\"500\" width=\"750\"  itemprop=\"thumbnailUrl\" srcset=\"https:\/\/floortjevanloon.nl\/wp-content\/uploads\/2025\/05\/KIHV_Bram_Olde_Wieverink-92-scaled-1.png 750w, https:\/\/floortjevanloon.nl\/wp-content\/uploads\/2025\/05\/KIHV_Bram_Olde_Wieverink-92-scaled-1-300x200.png 300w, https:\/\/floortjevanloon.nl\/wp-content\/uploads\/2025\/05\/KIHV_Bram_Olde_Wieverink-92-scaled-1-705x470.png 705w, https:\/\/floortjevanloon.nl\/wp-content\/uploads\/2025\/05\/KIHV_Bram_Olde_Wieverink-92-scaled-1-200x133.png 200w\" sizes=\"(max-width: 750px) 100vw, 750px\" \/><\/div><\/div><\/div><br \/>\n<div  class='hr av-2ba58z-be6e419fbd62fc73a387a066bab84ea7 hr-default  avia-builder-el-20  el_after_av_image  el_before_av_codeblock '><span class='hr-inner '><span class=\"hr-inner-style\"><\/span><\/span><\/div><br \/>\n<br \/>\n<section  class='av_textblock_section av-m8wyiboi-ef3306a59a9a02344c59a6e6446fd8dc '   itemscope=\"itemscope\" itemtype=\"https:\/\/schema.org\/CreativeWork\" ><div class='avia_textblock'  itemprop=\"text\" ><p>5 avril au 3 mai 2025<\/p>\n<p>exposition r\u00e9trospective d&rsquo;artistes d&rsquo;Almelo.<\/p>\n<p><strong>Adresse :<\/strong> Marktstraat 80, 7607 HD Almelo<\/p>\n<p><strong>Heures d&rsquo;ouverture :<\/strong> du mercredi au samedi et les dimanches de shopping de 14h30 \u00e0 17h.<\/p>\n<p><a href=\"https:\/\/www.kunstpuntalmelo.nl\/\">https:\/\/www.kunstpuntalmelo.nl\/<\/a><\/p>\n<\/div><\/section><br \/>\n<div  class='hr av-m2czk2so-d21eede7eb6c885cae28ae01455b233a hr-short  avia-builder-el-23  el_after_av_textblock  avia-builder-el-last  hr-center'><span class='hr-inner '><span class=\"hr-inner-style\"><\/span><\/span><\/div><\/p><\/div>\n<style type=\"text\/css\" data-created_by=\"avia_inline_auto\" id=\"style-css-av-m1xg4z3m-9cad6e7d6670af4968b2bdd6b7447827\">\n#top .av_textblock_section.av-m1xg4z3m-9cad6e7d6670af4968b2bdd6b7447827 .avia_textblock{\nfont-size:16px;\ncolor:#26b7bf;\ncolumn-count:2;\n}\n<\/style>\n<section  class='av_textblock_section av-m1xg4z3m-9cad6e7d6670af4968b2bdd6b7447827 '   itemscope=\"itemscope\" itemtype=\"https:\/\/schema.org\/CreativeWork\" ><div class='avia_textblock av_multi_colums av_inherit_color'  itemprop=\"text\" ><div class=\"wp-block-image\"><img loading=\"lazy\" decoding=\"async\" class=\"wpa-warning wpa-image-missing-alt wp-image-10519 aligncenter\" src=\"https:\/\/floortjevanloon.nl\/wp-content\/uploads\/2024\/10\/Layer-1-300x73.png\" alt=\"\" width=\"592\" height=\"144\" data-warning=\"Missing alt text\" srcset=\"https:\/\/floortjevanloon.nl\/wp-content\/uploads\/2024\/10\/Layer-1-300x73.png 300w, https:\/\/floortjevanloon.nl\/wp-content\/uploads\/2024\/10\/Layer-1-1030x252.png 1030w, https:\/\/floortjevanloon.nl\/wp-content\/uploads\/2024\/10\/Layer-1-768x188.png 768w, https:\/\/floortjevanloon.nl\/wp-content\/uploads\/2024\/10\/Layer-1-705x173.png 705w, https:\/\/floortjevanloon.nl\/wp-content\/uploads\/2024\/10\/Layer-1.png 1086w\" sizes=\"auto, (max-width: 592px) 100vw, 592px\" \/><\/div>\n<p style=\"text-align: center;\">J&rsquo;ai l&rsquo;honneur de participer \u00e0 cette exposition avec le chat de la ville d&rsquo;Almelo, qui se tient actuellement jusqu&rsquo;\u00e0 la fin de l&rsquo;ann\u00e9e.<\/p>\n<p style=\"text-align: center;\">2 mars 2025 au Stedelijk Museum Almelo.<\/p>\n<div class=\"wp-block-image\"><\/div>\n<div class=\"wp-block-image\"><img loading=\"lazy\" decoding=\"async\" class=\"wpa-warning wpa-image-missing-alt wp-image-929 aligncenter\" src=\"https:\/\/floortjevanloon.nl\/wp-content\/uploads\/2023\/10\/STADSKAT-ALMELO-300x300.png\" alt=\"\" width=\"644\" height=\"644\" data-warning=\"Missing alt text\" srcset=\"https:\/\/floortjevanloon.nl\/wp-content\/uploads\/2023\/10\/STADSKAT-ALMELO-300x300.png 300w, https:\/\/floortjevanloon.nl\/wp-content\/uploads\/2023\/10\/STADSKAT-ALMELO-80x80.png 80w, https:\/\/floortjevanloon.nl\/wp-content\/uploads\/2023\/10\/STADSKAT-ALMELO-36x36.png 36w, https:\/\/floortjevanloon.nl\/wp-content\/uploads\/2023\/10\/STADSKAT-ALMELO-180x180.png 180w, https:\/\/floortjevanloon.nl\/wp-content\/uploads\/2023\/10\/STADSKAT-ALMELO.png 500w\" sizes=\"auto, (max-width: 644px) 100vw, 644px\" \/><\/div>\n<div><\/div>\n<div><\/div>\n<div><\/div>\n<div><\/div>\n<div>\n<p><img loading=\"lazy\" decoding=\"async\" class=\"wpa-warning wpa-image-missing-alt size-medium wp-image-10511 alignright\" style=\"outline-color: #b32d2e; outline-width: 4px;\" src=\"https:\/\/floortjevanloon.nl\/wp-content\/uploads\/2024\/10\/462092061_1960176407832361_7617413475860050977_n-300x248.png\" alt=\"\" width=\"300\" height=\"248\" data-warning=\"Missing alt text\" srcset=\"https:\/\/floortjevanloon.nl\/wp-content\/uploads\/2024\/10\/462092061_1960176407832361_7617413475860050977_n-300x248.png 300w, https:\/\/floortjevanloon.nl\/wp-content\/uploads\/2024\/10\/462092061_1960176407832361_7617413475860050977_n.png 605w\" sizes=\"auto, (max-width: 300px) 100vw, 300px\" \/><\/p>\n<div class=\"wp-block-image\"><img loading=\"lazy\" decoding=\"async\" class=\"wpa-warning wpa-image-missing-alt alignnone wp-image-10507\" src=\"https:\/\/floortjevanloon.nl\/wp-content\/uploads\/2024\/10\/461967154_1960176437832358_8441437690877002458_n-300x200.png\" alt=\"\" width=\"405\" height=\"270\" data-warning=\"Missing alt text\" srcset=\"https:\/\/floortjevanloon.nl\/wp-content\/uploads\/2024\/10\/461967154_1960176437832358_8441437690877002458_n-300x200.png 300w, https:\/\/floortjevanloon.nl\/wp-content\/uploads\/2024\/10\/461967154_1960176437832358_8441437690877002458_n-705x469.png 705w, https:\/\/floortjevanloon.nl\/wp-content\/uploads\/2024\/10\/461967154_1960176437832358_8441437690877002458_n.png 751w\" sizes=\"auto, (max-width: 405px) 100vw, 405px\" \/><\/div>\n<\/div>\n<div><\/div>\n<div><\/div>\n<div><\/div>\n<div><\/div>\n<div><\/div>\n<p class=\"mbr-section-text lead\">\n<p class=\"mbr-section-subtitle display-3\" style=\"text-align: center;\"><span style=\"font-size: 21px;\">Prinsenstraat 13<\/span><\/p>\n<p class=\"mbr-section-text lead\" style=\"text-align: center;\">7607 JC Almelo,<br \/>\nPays-Bas<\/p>\n<p class=\"mbr-section-text lead\" style=\"text-align: center;\">Tel : 0546-816071<\/p>\n<p class=\"mbr-section-text lead\" style=\"text-align: center;\">info@stedelijkmuseumalmelo.nl<\/p>\n<p class=\"mbr-section-text lead\" style=\"text-align: center;\">Du mardi au samedi<\/p>\n<p class=\"mbr-section-text lead\" style=\"text-align: center;\">  de 10 \u00e0 17 heures<br \/>\nDimanche de 11 \u00e0 17 heures<\/p>\n<p style=\"text-align: center;\">\n<p class=\"mbr-section-text lead\" style=\"text-align: center;\">  <a href=\"https:\/\/www.stadsmuseumalmelo.nl\/\">  Mus\u00e9e municipal d&rsquo;Almelo<\/a><\/p>\n<div><\/div>\n<\/div><\/section>\n\n<div  class='hr av-m1xgpx8z-274b5335561cef0e378896c5f7bd47a5 hr-short  avia-builder-el-26  el_after_av_codeblock  el_before_av_image  hr-center'><span class='hr-inner '><span class=\"hr-inner-style\"><\/span><\/span><\/div>\n\n<style type=\"text\/css\" data-created_by=\"avia_inline_auto\" id=\"style-css-av-m1hnkai8-bb431221f6158420f162136a9e29fd4e\">\n@keyframes av_boxShadowEffect_av-m1hnkai8-bb431221f6158420f162136a9e29fd4e {\n0%   { box-shadow:  0 0 0 0 #b02b2c; opacity: 1; }\n100% { box-shadow:  0 0 8px 0 #b02b2c; opacity: 1; }\n}\n.avia-image-container.av-m1hnkai8-bb431221f6158420f162136a9e29fd4e img.avia_image{\nbox-shadow: 0 0 8px 0 #b02b2c;\n}\n.avia-image-container.av-m1hnkai8-bb431221f6158420f162136a9e29fd4e .av-image-caption-overlay-center{\ncolor:#ffffff;\n}\n<\/style>\n<div  class='avia-image-container av-m1hnkai8-bb431221f6158420f162136a9e29fd4e av-styling- av-img-linked avia-align-center  avia-builder-el-27  el_after_av_hr  el_before_av_hr  av-img-box-shadow av-box-shadow-not-animated'   itemprop=\"image\" itemscope=\"itemscope\" itemtype=\"https:\/\/schema.org\/ImageObject\" ><div class=\"avia-image-container-inner\"><div class=\"avia-image-overlay-wrap\"><a href=\"https:\/\/floortjevanloon.nl\/wp-content\/uploads\/2024\/09\/krant.png\" data-srcset=\"https:\/\/floortjevanloon.nl\/wp-content\/uploads\/2024\/09\/krant.png 647w, https:\/\/floortjevanloon.nl\/wp-content\/uploads\/2024\/09\/krant-300x232.png 300w\" data-sizes=\"(max-width: 647px) 100vw, 647px\" class='avia_image '  aria-label='journal'><img decoding=\"async\" fetchpriority=\"high\" class='wp-image-9489 avia-img-lazy-loading-not-9489 avia_image shadow-not-animated' src=\"https:\/\/floortjevanloon.nl\/wp-content\/uploads\/2024\/09\/krant.png\" alt='' title='journal'  height=\"500\" width=\"647\"  itemprop=\"thumbnailUrl\" srcset=\"https:\/\/floortjevanloon.nl\/wp-content\/uploads\/2024\/09\/krant.png 647w, https:\/\/floortjevanloon.nl\/wp-content\/uploads\/2024\/09\/krant-300x232.png 300w\" sizes=\"(max-width: 647px) 100vw, 647px\" \/><\/a><\/div><\/div><\/div>\n<div  class='hr av-343ixf-482b3f564c9e302843f9c0885b47c8b0 hr-default  avia-builder-el-28  el_after_av_image  el_before_av_textblock '><span class='hr-inner '><span class=\"hr-inner-style\"><\/span><\/span><\/div>\n\n<style type=\"text\/css\" data-created_by=\"avia_inline_auto\" id=\"style-css-av-5iag6b-873c2bba2297191a71023c014383c14a\">\n#top .av_textblock_section.av-5iag6b-873c2bba2297191a71023c014383c14a .avia_textblock{\nfont-size:16px;\n}\n<\/style>\n<section  class='av_textblock_section av-5iag6b-873c2bba2297191a71023c014383c14a '   itemscope=\"itemscope\" itemtype=\"https:\/\/schema.org\/CreativeWork\" ><div class='avia_textblock'  itemprop=\"text\" ><div dir=\"auto\"><\/div>\n<div dir=\"auto\"><\/div>\n<div dir=\"auto\"><\/div>\n<div dir=\"auto\"><\/div>\n<div dir=\"auto\">\n<div dir=\"auto\">Floortje van Loon et <a href=\"https:\/\/www.instagram.com\/dennis_zanoni\/?hl=nl\" target=\"_blank\" rel=\"noopener\">Dennis Zanoni<\/a> participent \u00e0 la 32e \u00e9dition de l&rsquo;Open Ateliers Almelo.<\/div>\n<div dir=\"auto\">Du samedi 7 septembre au 29 septembre, l&rsquo;exposition conjointe des artistes participants \u00e0<\/div>\n<div dir=\"auto\">les Ateliers Ouverts de la Maison du Coton et sont maintenant expos\u00e9s.<\/div>\n<div dir=\"auto\">Ensuite, les samedi 28 et dimanche 29 septembre, les artistes ouvriront leurs ateliers aux personnes int\u00e9ress\u00e9es.<\/div>\n<div dir=\"auto\">public, horaires : de 11h00 \u00e0 17h00.<\/div>\n<p><img loading=\"lazy\" decoding=\"async\" class=\"wp-image-8424 alignright\" src=\"https:\/\/floortjevanloon.nl\/wp-content\/uploads\/2024\/09\/kerkje.png\" alt=\"\u00e9glise\" width=\"447\" height=\"634\" srcset=\"https:\/\/floortjevanloon.nl\/wp-content\/uploads\/2024\/09\/kerkje.png 500w, https:\/\/floortjevanloon.nl\/wp-content\/uploads\/2024\/09\/kerkje-212x300.png 212w, https:\/\/floortjevanloon.nl\/wp-content\/uploads\/2024\/09\/kerkje-497x705.png 497w\" sizes=\"auto, (max-width: 447px) 100vw, 447px\" \/><\/p>\n<div dir=\"auto\">Ineke, Floortje et Dennis seront les h\u00f4tes de The Little Church, 78 Market Street, ces deux jours de week-end.<\/div>\n<div dir=\"auto\">Ils sont totalement diff\u00e9rents en termes de travail, mais pendant les Ateliers Ouverts d&rsquo;Almelo, ils se combinent bien.<\/div>\n<div dir=\"auto\">Ineke pr\u00e9sente des peintures de paysages et d&rsquo;art abstrait. Floortje pr\u00e9sente des collages de photos num\u00e9riques sur diff\u00e9rents mat\u00e9riaux. <\/div>\n<div dir=\"auto\">press\u00e9 et Dennis dit : venez voir mon travail.<\/div>\n<div dir=\"auto\">Nous attendons de nombreux visiteurs dans la petite \u00e9glise blanche de Market Street.78.<\/div>\n<div dir=\"auto\">Ineke, Dennis et Floortje<\/div>\n<\/div>\n<div dir=\"auto\"><\/div>\n<div dir=\"auto\"><\/div>\n<div dir=\"auto\"><\/div>\n<div dir=\"auto\"><img loading=\"lazy\" decoding=\"async\" class=\"alignnone wp-image-8971\" src=\"https:\/\/floortjevanloon.nl\/wp-content\/uploads\/2024\/09\/Screenshot_2024-09-07-10-53-43-32_a23b203fd3aafc6dcb84e438dda678b6-766x1030.jpg\" alt=\"\u00e9v\u00e9nement\" width=\"333\" height=\"448\" srcset=\"https:\/\/floortjevanloon.nl\/wp-content\/uploads\/2024\/09\/Screenshot_2024-09-07-10-53-43-32_a23b203fd3aafc6dcb84e438dda678b6-766x1030.jpg 766w, https:\/\/floortjevanloon.nl\/wp-content\/uploads\/2024\/09\/Screenshot_2024-09-07-10-53-43-32_a23b203fd3aafc6dcb84e438dda678b6-223x300.jpg 223w, https:\/\/floortjevanloon.nl\/wp-content\/uploads\/2024\/09\/Screenshot_2024-09-07-10-53-43-32_a23b203fd3aafc6dcb84e438dda678b6-768x1033.jpg 768w, https:\/\/floortjevanloon.nl\/wp-content\/uploads\/2024\/09\/Screenshot_2024-09-07-10-53-43-32_a23b203fd3aafc6dcb84e438dda678b6-524x705.jpg 524w, https:\/\/floortjevanloon.nl\/wp-content\/uploads\/2024\/09\/Screenshot_2024-09-07-10-53-43-32_a23b203fd3aafc6dcb84e438dda678b6.jpg 1080w\" sizes=\"auto, (max-width: 333px) 100vw, 333px\" \/><\/div>\n<div dir=\"auto\"><\/div>\n<div dir=\"auto\">                   <a href=\"https:\/\/www.facebook.com\/cultuurpodiumthelittlechurch\">  La petite \u00c9glise<\/a><\/div>\n<div dir=\"auto\"><\/div>\n<\/div><\/section>\n\n<style type=\"text\/css\" data-created_by=\"avia_inline_auto\" id=\"style-css-av-m0nofnvj-ebb62766784e08a3f5248d23f3ce4a5c\">\n#top .av-special-heading.av-m0nofnvj-ebb62766784e08a3f5248d23f3ce4a5c{\npadding-bottom:10px;\n}\nbody .av-special-heading.av-m0nofnvj-ebb62766784e08a3f5248d23f3ce4a5c .av-special-heading-tag .heading-char{\nfont-size:25px;\n}\n.av-special-heading.av-m0nofnvj-ebb62766784e08a3f5248d23f3ce4a5c .av-subheading{\nfont-size:15px;\n}\n<\/style>\n<div  class='av-special-heading av-m0nofnvj-ebb62766784e08a3f5248d23f3ce4a5c av-special-heading-h2  avia-builder-el-30  el_after_av_textblock  el_before_av_textblock '><h2 class='av-special-heading-tag '  itemprop=\"headline\"  >Visite libre des ateliers septembre 2024<\/h2><div class=\"special-heading-border\"><div class=\"special-heading-inner-border\"><\/div><\/div><\/div>\n\n<style type=\"text\/css\" data-created_by=\"avia_inline_auto\" id=\"style-css-av-m0npf0f8-6b001b31f1e2db00995db4cf55b308ea\">\n#top .av_textblock_section.av-m0npf0f8-6b001b31f1e2db00995db4cf55b308ea .avia_textblock{\nfont-size:16px;\n}\n<\/style>\n<section  class='av_textblock_section av-m0npf0f8-6b001b31f1e2db00995db4cf55b308ea '   itemscope=\"itemscope\" itemtype=\"https:\/\/schema.org\/CreativeWork\" ><div class='avia_textblock'  itemprop=\"text\" ><div class=\"wp-block-image\"><img loading=\"lazy\" decoding=\"async\" class=\"alignright wp-image-8655\" src=\"https:\/\/floortjevanloon.nl\/wp-content\/uploads\/2024\/09\/huis-van.jpg\" alt=\"\" width=\"444\" height=\"623\" data-warning=\"Missing alt text\" srcset=\"https:\/\/floortjevanloon.nl\/wp-content\/uploads\/2024\/09\/huis-van.jpg 1080w, https:\/\/floortjevanloon.nl\/wp-content\/uploads\/2024\/09\/huis-van-214x300.jpg 214w, https:\/\/floortjevanloon.nl\/wp-content\/uploads\/2024\/09\/huis-van-734x1030.jpg 734w, https:\/\/floortjevanloon.nl\/wp-content\/uploads\/2024\/09\/huis-van-768x1077.jpg 768w, https:\/\/floortjevanloon.nl\/wp-content\/uploads\/2024\/09\/huis-van-1069x1500.jpg 1069w, https:\/\/floortjevanloon.nl\/wp-content\/uploads\/2024\/09\/huis-van-503x705.jpg 503w\" sizes=\"auto, (max-width: 444px) 100vw, 444px\" \/><strong>L&rsquo;exposition g\u00e9n\u00e9rale<\/strong><br \/>\nUne \u0153uvre de tous les artistes participants sera expos\u00e9e lors de l&rsquo;exposition g\u00e9n\u00e9rale dans la Maison du coton et maintenant sur la place du march\u00e9. Vous pourrez ainsi vous faire une bonne id\u00e9e des artistes et vous pr\u00e9parer aux ateliers que vous souhaitez visiter. L&rsquo;exposition peut \u00eatre visit\u00e9e du 7 au 29 septembre, du mercredi au samedi, de 10h \u00e0 17h. Le dimanche 29 septembre, l&rsquo;exposition sera ouverte de 11h \u00e0 17h.   <\/div>\n<div><\/div>\n<div><\/div>\n<div>\n<div class=\"wp-block-image\">\n<div id=\"attachment_9006\" style=\"width: 310px\" class=\"wp-caption alignnone\"><a href=\"https:\/\/floortjevanloon.nl\/wp-content\/uploads\/2024\/09\/Werk-ineke.jpg\"><img loading=\"lazy\" decoding=\"async\" aria-describedby=\"caption-attachment-9006\" class=\"wpa-warning wpa-image-missing-alt wp-image-9006 size-medium\" src=\"https:\/\/floortjevanloon.nl\/wp-content\/uploads\/2024\/09\/Werk-ineke-300x217.jpg\" alt=\"\" width=\"300\" height=\"217\" data-warning=\"Missing alt text\" srcset=\"https:\/\/floortjevanloon.nl\/wp-content\/uploads\/2024\/09\/Werk-ineke-300x217.jpg 300w, https:\/\/floortjevanloon.nl\/wp-content\/uploads\/2024\/09\/Werk-ineke-1030x743.jpg 1030w, https:\/\/floortjevanloon.nl\/wp-content\/uploads\/2024\/09\/Werk-ineke-768x554.jpg 768w, https:\/\/floortjevanloon.nl\/wp-content\/uploads\/2024\/09\/Werk-ineke-1536x1109.jpg 1536w, https:\/\/floortjevanloon.nl\/wp-content\/uploads\/2024\/09\/Werk-ineke-1500x1083.jpg 1500w, https:\/\/floortjevanloon.nl\/wp-content\/uploads\/2024\/09\/Werk-ineke-705x509.jpg 705w, https:\/\/floortjevanloon.nl\/wp-content\/uploads\/2024\/09\/Werk-ineke.jpg 2048w\" sizes=\"auto, (max-width: 300px) 100vw, 300px\" \/><\/a><p id=\"caption-attachment-9006\" class=\"wp-caption-text\">Ineke Barkhof<\/p><\/div>\n<\/div>\n<\/div>\n<div><\/div>\n<div>\n<div class=\"wp-block-image\">\n<div id=\"attachment_9010\" style=\"width: 310px\" class=\"wp-caption alignnone\"><a href=\"https:\/\/floortjevanloon.nl\/wp-content\/uploads\/2024\/09\/werk-Dennis-scaled.jpg\"><img loading=\"lazy\" decoding=\"async\" aria-describedby=\"caption-attachment-9010\" class=\"wpa-warning wpa-image-missing-alt wp-image-9010 size-medium\" src=\"https:\/\/floortjevanloon.nl\/wp-content\/uploads\/2024\/09\/werk-Dennis-300x170.jpg\" alt=\"\" width=\"300\" height=\"170\" data-warning=\"Missing alt text\" srcset=\"https:\/\/floortjevanloon.nl\/wp-content\/uploads\/2024\/09\/werk-Dennis-300x170.jpg 300w, https:\/\/floortjevanloon.nl\/wp-content\/uploads\/2024\/09\/werk-Dennis-1030x583.jpg 1030w, https:\/\/floortjevanloon.nl\/wp-content\/uploads\/2024\/09\/werk-Dennis-768x435.jpg 768w, https:\/\/floortjevanloon.nl\/wp-content\/uploads\/2024\/09\/werk-Dennis-1536x869.jpg 1536w, https:\/\/floortjevanloon.nl\/wp-content\/uploads\/2024\/09\/werk-Dennis-2048x1159.jpg 2048w, https:\/\/floortjevanloon.nl\/wp-content\/uploads\/2024\/09\/werk-Dennis-1500x849.jpg 1500w, https:\/\/floortjevanloon.nl\/wp-content\/uploads\/2024\/09\/werk-Dennis-705x399.jpg 705w\" sizes=\"auto, (max-width: 300px) 100vw, 300px\" \/><\/a><p id=\"caption-attachment-9010\" class=\"wp-caption-text\">Dennis Zanoni<\/p><\/div>\n<\/div>\n<\/div>\n<div>\n<div class=\"wp-block-image\">\n<div id=\"attachment_3654\" style=\"width: 374px\" class=\"wp-caption aligncenter\"><a href=\"https:\/\/floortjevanloon.nl\/wp-content\/uploads\/2024\/05\/raadsvrouw-pgn.png\"><img loading=\"lazy\" decoding=\"async\" aria-describedby=\"caption-attachment-3654\" class=\"wpa-warning wpa-image-missing-alt wp-image-3654 \" src=\"https:\/\/floortjevanloon.nl\/wp-content\/uploads\/2024\/05\/raadsvrouw-pgn-222x300.png\" alt=\"\" width=\"364\" height=\"491\" data-warning=\"Missing alt text\"><\/a><p id=\"caption-attachment-3654\" class=\"wp-caption-text\">Floortje van Loon<\/p><\/div>\n<\/div>\n<\/div>\n<\/div><\/section>\n<\/div><\/div><\/div><!-- close content main div --><\/div><\/div><div id='after_section_2'  class='main_color av_default_container_wrap container_wrap sidebar_left'  ><div class='container av-section-cont-open' ><div class='template-page content  av-content-small units'><div class='post-entry post-entry-type-page post-entry-2301'><div class='entry-content-wrapper clearfix'>\n<div  class='hr av-26jqzn-785caa2d9e1dcb009808b12549fbfc55 hr-default  avia-builder-el-32  el_after_av_section  avia-builder-el-no-sibling '><span class='hr-inner '><span class=\"hr-inner-style\"><\/span><\/span><\/div>\n","protected":false},"excerpt":{"rendered":"","protected":false},"author":1,"featured_media":10638,"parent":0,"menu_order":0,"comment_status":"closed","ping_status":"closed","template":"","meta":{"footnotes":""},"class_list":["post-2301","page","type-page","status-publish","has-post-thumbnail","hentry"],"_links":{"self":[{"href":"https:\/\/floortjevanloon.nl\/fr\/wp-json\/wp\/v2\/pages\/2301","targetHints":{"allow":["GET"]}}],"collection":[{"href":"https:\/\/floortjevanloon.nl\/fr\/wp-json\/wp\/v2\/pages"}],"about":[{"href":"https:\/\/floortjevanloon.nl\/fr\/wp-json\/wp\/v2\/types\/page"}],"author":[{"embeddable":true,"href":"https:\/\/floortjevanloon.nl\/fr\/wp-json\/wp\/v2\/users\/1"}],"replies":[{"embeddable":true,"href":"https:\/\/floortjevanloon.nl\/fr\/wp-json\/wp\/v2\/comments?post=2301"}],"version-history":[{"count":0,"href":"https:\/\/floortjevanloon.nl\/fr\/wp-json\/wp\/v2\/pages\/2301\/revisions"}],"wp:featuredmedia":[{"embeddable":true,"href":"https:\/\/floortjevanloon.nl\/fr\/wp-json\/wp\/v2\/media\/10638"}],"wp:attachment":[{"href":"https:\/\/floortjevanloon.nl\/fr\/wp-json\/wp\/v2\/media?parent=2301"}],"curies":[{"name":"wp","href":"https:\/\/api.w.org\/{rel}","templated":true}]}}