{"id":2167,"date":"2023-09-14T14:25:27","date_gmt":"2023-09-14T14:25:27","guid":{"rendered":"https:\/\/floortjevanloon.nl\/expositions\/"},"modified":"2026-01-22T12:58:02","modified_gmt":"2026-01-22T12:58:02","slug":"expositions","status":"publish","type":"page","link":"https:\/\/floortjevanloon.nl\/fr\/expositions\/","title":{"rendered":"Expositions"},"content":{"rendered":"<div id='recent'  class='av-layout-grid-container av-ahgaek-3ec57f06fc0db8e986033c7f4be3c801 entry-content-wrapper main_color av-flex-cells  avia-builder-el-0  avia-builder-el-no-sibling  av-cell-min-height av-cell-min-height-100  container_wrap sidebar_left'   data-av_minimum_height_pc='100'>\n\n<style type=\"text\/css\" data-created_by=\"avia_inline_auto\" id=\"style-css-av-ac9es4-4f29fb006cebc7528c193238f8e41eaf\">\n.flex_cell.av-ac9es4-4f29fb006cebc7528c193238f8e41eaf{\nvertical-align:middle;\nbackground-color:rgba(18,183,178,0.46);\n}\n.responsive #top #wrap_all .flex_cell.av-ac9es4-4f29fb006cebc7528c193238f8e41eaf{\npadding:100px 30px 30px 30px !important;\n}\n<\/style>\n<div class='flex_cell av-ac9es4-4f29fb006cebc7528c193238f8e41eaf av-gridrow-cell av_one_half no_margin  avia-builder-el-1  el_before_av_cell_one_half  avia-builder-el-first  content-align-middle avia-full-contain'  ><div class='flex_cell_inner'><p>\n<style type=\"text\/css\" data-created_by=\"avia_inline_auto\" id=\"style-css-av-a598uk-1e5a51aa14d8f38498324092f1f3bbc1\">\n#top .av-special-heading.av-a598uk-1e5a51aa14d8f38498324092f1f3bbc1{\npadding-bottom:0;\ncolor:#0c0c0c;\nfont-size:60px;\n}\nbody .av-special-heading.av-a598uk-1e5a51aa14d8f38498324092f1f3bbc1 .av-special-heading-tag .heading-char{\nfont-size:25px;\n}\n#top #wrap_all .av-special-heading.av-a598uk-1e5a51aa14d8f38498324092f1f3bbc1 .av-special-heading-tag{\nfont-size:60px;\n}\n.av-special-heading.av-a598uk-1e5a51aa14d8f38498324092f1f3bbc1 .special-heading-inner-border{\nborder-color:#0c0c0c;\n}\n.av-special-heading.av-a598uk-1e5a51aa14d8f38498324092f1f3bbc1 .av-subheading{\nfont-size:15px;\n}\n\n@media only screen and (min-width: 480px) and (max-width: 767px){ \n#top #wrap_all .av-special-heading.av-a598uk-1e5a51aa14d8f38498324092f1f3bbc1 .av-special-heading-tag{\nfont-size:0.8em;\n}\n}\n\n@media only screen and (max-width: 479px){ \n#top #wrap_all .av-special-heading.av-a598uk-1e5a51aa14d8f38498324092f1f3bbc1 .av-special-heading-tag{\nfont-size:0.8em;\n}\n}\n<\/style>\n<div  class='av-special-heading av-a598uk-1e5a51aa14d8f38498324092f1f3bbc1 av-special-heading-h1 custom-color-heading blockquote modern-quote modern-centered  avia-builder-el-2  el_before_av_hr  avia-builder-el-first  av-inherit-size'><h1 class='av-special-heading-tag '  itemprop=\"headline\"  >Expositions<\/h1><div class=\"special-heading-border\"><div class=\"special-heading-inner-border\"><\/div><\/div><\/div><br \/>\n\n<style type=\"text\/css\" data-created_by=\"avia_inline_auto\" id=\"style-css-av-a33w4k-d152f91e4444795fa792e6bbe106ce37\">\n#top .hr.av-a33w4k-d152f91e4444795fa792e6bbe106ce37{\nmargin-top:30px;\nmargin-bottom:30px;\n}\n.hr.av-a33w4k-d152f91e4444795fa792e6bbe106ce37 .hr-inner{\nwidth:50px;\nborder-color:#ffffff;\n}\n<\/style>\n<div  class='hr av-a33w4k-d152f91e4444795fa792e6bbe106ce37 hr-custom  avia-builder-el-3  el_after_av_heading  el_before_av_button  hr-center hr-icon-no'><span class='hr-inner inner-border-av-border-fat'><span class=\"hr-inner-style\"><\/span><\/span><\/div><br \/>\n<div  class='avia-button-wrap av-m1qncogz-022e259d2b7916006a2cd90df49479f2-wrap avia-button-center  avia-builder-el-4  el_after_av_hr  el_before_av_button '><a href='https:\/\/floortjevanloon.nl\/fr\/atelier-route-2024-3\/'  class='avia-button av-m1qncogz-022e259d2b7916006a2cd90df49479f2 av-link-btn avia-icon_select-yes-left-icon avia-size-small avia-position-center avia-color-blue'   aria-label=\"Atelier route 2024\"><span class='avia_button_icon avia_button_icon_left avia-iconfont avia-font-entypo-fontello' data-av_icon='\ue803' data-av_iconfont='entypo-fontello' ><\/span><span class='avia_iconbox_title' >Atelier route 2024<\/span><\/a><\/div><br \/>\n<div  class='avia-button-wrap av-lupbu1qc-54295dbef0e967000e4462554e547dde-wrap avia-button-center  avia-builder-el-5  el_after_av_button  el_before_av_button '><a href='https:\/\/floortjevanloon.nl\/fr\/expo-pop-up-sensibilisation\/'  class='avia-button av-lupbu1qc-54295dbef0e967000e4462554e547dde av-link-btn avia-icon_select-yes-left-icon avia-size-small avia-position-center avia-color-blue'   aria-label=\"Expo pop-up Sensibilisation 2023\"><span class='avia_button_icon avia_button_icon_left avia-iconfont avia-font-entypo-fontello' data-av_icon='\ue803' data-av_iconfont='entypo-fontello' ><\/span><span class='avia_iconbox_title' >Expo pop-up Sensibilisation 2023<\/span><\/a><\/div><br \/>\n<div  class='avia-button-wrap av-lu5j0fjv-d55bc2b8dfae5b17c646fd5373890747-wrap avia-button-center  avia-builder-el-6  el_after_av_button  el_before_av_button '><a href='https:\/\/floortjevanloon.nl\/fr\/t-spiegelhuys\/'  class='avia-button av-lu5j0fjv-d55bc2b8dfae5b17c646fd5373890747 av-link-btn avia-icon_select-yes-left-icon avia-size-small avia-position-center avia-color-blue'   aria-label=\"&#039;t Spiegelhuys\"><span class='avia_button_icon avia_button_icon_left avia-iconfont avia-font-entypo-fontello' data-av_icon='\ue803' data-av_iconfont='entypo-fontello' ><\/span><span class='avia_iconbox_title' >&#039;t Spiegelhuys<\/span><\/a><\/div><br \/>\n<div  class='avia-button-wrap av-lnu9ss35-b3b61d99b37f9b8214b50b3689172108-wrap avia-button-center  avia-builder-el-7  el_after_av_button  el_before_av_button '>\n<style type=\"text\/css\" data-created_by=\"avia_inline_auto\" id=\"style-css-av-lnu9ss35-b3b61d99b37f9b8214b50b3689172108\">\n#top #wrap_all .avia-button.av-lnu9ss35-b3b61d99b37f9b8214b50b3689172108:hover{\ncolor:white;\ntransition:all 0.4s ease-in-out;\n}\n#top #wrap_all .avia-button.av-lnu9ss35-b3b61d99b37f9b8214b50b3689172108:hover .avia-svg-icon svg:first-child{\nfill:white;\nstroke:white;\n}\n<\/style>\n<a href='https:\/\/floortjevanloon.nl\/fr\/artbrut\/'  class='avia-button av-lnu9ss35-b3b61d99b37f9b8214b50b3689172108 av-link-btn avia-icon_select-yes-left-icon avia-size-small avia-position-center avia-color-blue avia-font-color-theme-color'   aria-label=\"R\u00e9trospective Art Brut BIENNALE\"><span class='avia_button_icon avia_button_icon_left avia-iconfont avia-font-entypo-fontello' data-av_icon='\ue803' data-av_iconfont='entypo-fontello' ><\/span><span class='avia_iconbox_title' >R\u00e9trospective Art Brut BIENNALE<\/span><span class='avia_button_background avia-button avia-color-theme-color-highlight' ><\/span><\/a><\/div><br \/>\n<div  class='avia-button-wrap av-ln1how12-d66082f0461f7c64251f0b2a19b5c7af-wrap avia-button-center  avia-builder-el-8  el_after_av_button  el_before_av_button '><a href='https:\/\/floortjevanloon.nl\/fr\/retrospective\/'  class='avia-button av-ln1how12-d66082f0461f7c64251f0b2a19b5c7af av-link-btn avia-icon_select-yes-left-icon avia-size-small avia-position-center avia-color-blue'   aria-label=\"R\u00e9trospective Attelier Route 2023\"><span class='avia_button_icon avia_button_icon_left avia-iconfont avia-font-entypo-fontello' data-av_icon='\ue803' data-av_iconfont='entypo-fontello' ><\/span><span class='avia_iconbox_title' >R\u00e9trospective Attelier Route 2023<\/span><\/a><\/div><br \/>\n<div  class='avia-button-wrap av-loy9k6bc-387fc4f8b6d26693bd554019265bdad0-wrap avia-button-center  avia-builder-el-9  el_after_av_button  el_before_av_button '><a href='https:\/\/floortjevanloon.nl\/fr\/zuiderhagen\/'  class='avia-button av-loy9k6bc-387fc4f8b6d26693bd554019265bdad0 av-link-btn avia-icon_select-yes-left-icon avia-size-small avia-position-center avia-color-blue'   aria-label=\"Galerie en plein air\"><span class='avia_button_icon avia_button_icon_left avia-iconfont avia-font-entypo-fontello' data-av_icon='\ue803' data-av_iconfont='entypo-fontello' ><\/span><span class='avia_iconbox_title' >Galerie en plein air<\/span><\/a><\/div><br \/>\n<div  class='avia-button-wrap av-lqf3ytpg-42d6fcbbbdd321aa6e4b68456e64aff7-wrap avia-button-center  avia-builder-el-10  el_after_av_button  el_before_av_heading '><a href='http:\/\/floortjevanloon.nl\/wildhanging'  class='avia-button av-lqf3ytpg-42d6fcbbbdd321aa6e4b68456e64aff7 av-link-btn avia-icon_select-yes-left-icon avia-size-small avia-position-center avia-color-blue'   aria-label=\"Wildhangings : ode au port\"><span class='avia_button_icon avia_button_icon_left avia-iconfont avia-font-entypo-fontello' data-av_icon='\ue803' data-av_iconfont='entypo-fontello' ><\/span><span class='avia_iconbox_title' >Wildhangings : ode au port<\/span><\/a><\/div><br \/>\n\n<style type=\"text\/css\" data-created_by=\"avia_inline_auto\" id=\"style-css-av-mkpgivi4-b28d1bc15fbb1fccbc847eb991b904cc\">\n#top .av-special-heading.av-mkpgivi4-b28d1bc15fbb1fccbc847eb991b904cc{\npadding-bottom:10px;\n}\nbody .av-special-heading.av-mkpgivi4-b28d1bc15fbb1fccbc847eb991b904cc .av-special-heading-tag .heading-char{\nfont-size:25px;\n}\n.av-special-heading.av-mkpgivi4-b28d1bc15fbb1fccbc847eb991b904cc .av-subheading{\nfont-size:15px;\n}\n<\/style>\n<div  class='av-special-heading av-mkpgivi4-b28d1bc15fbb1fccbc847eb991b904cc av-special-heading-h3 blockquote modern-quote modern-centered  avia-builder-el-11  el_after_av_button  el_before_av_textblock '><h3 class='av-special-heading-tag '  itemprop=\"headline\"  >2026<\/h3><div class=\"special-heading-border\"><div class=\"special-heading-inner-border\"><\/div><\/div><\/div><br \/>\n\n<style type=\"text\/css\" data-created_by=\"avia_inline_auto\" id=\"style-css-av-mjbgdrvw-98a027c3dfe02db5c2f1b2980afa9479\">\n#top .av_textblock_section.av-mjbgdrvw-98a027c3dfe02db5c2f1b2980afa9479 .avia_textblock{\nfont-size:16px;\n}\n<\/style>\n<section  class='av_textblock_section av-mjbgdrvw-98a027c3dfe02db5c2f1b2980afa9479 '   itemscope=\"itemscope\" itemtype=\"https:\/\/schema.org\/CreativeWork\" ><div class='avia_textblock'  itemprop=\"text\" ><p>2026<\/p>\n<p>Exposition 2026<\/p>\n<p>18 janvier au 28 f\u00e9vrier \u00a0\u00bbIt&rsquo;s not what it seems\u00a0\u00bb \u00e0 la Maison du coton et du pr\u00e9sent.<\/p>\n<div class=\"wp-block-image\"><\/div>\n<p>Marktplein 35,<br \/>\n7607 HM Almelo<\/p>\n<div class=\"wp-block-image\">\n<div class=\"wp-block-image\"><img loading=\"lazy\" decoding=\"async\" class=\"wpa-warning wpa-image-missing-alt alignnone size-full wp-image-18409\" src=\"https:\/\/floortjevanloon.nl\/wp-content\/uploads\/2026\/01\/Folder-A4-tweeslag-gevouwen_page-0001.png\" alt=\"\" width=\"701\" height=\"500\" data-warning=\"Ontbrekende alt-tekst\" srcset=\"https:\/\/floortjevanloon.nl\/wp-content\/uploads\/2026\/01\/Folder-A4-tweeslag-gevouwen_page-0001.png 701w, https:\/\/floortjevanloon.nl\/wp-content\/uploads\/2026\/01\/Folder-A4-tweeslag-gevouwen_page-0001-300x214.png 300w, https:\/\/floortjevanloon.nl\/wp-content\/uploads\/2026\/01\/Folder-A4-tweeslag-gevouwen_page-0001-260x185.png 260w, https:\/\/floortjevanloon.nl\/wp-content\/uploads\/2026\/01\/Folder-A4-tweeslag-gevouwen_page-0001-200x143.png 200w\" sizes=\"auto, (max-width: 701px) 100vw, 701px\" \/><\/div>\n<\/div>\n<div class='avia-iframe-wrap'>\n<blockquote class=\"wp-embedded-content\" data-secret=\"9uDrsDXfw0\">\n<p><a href=\"https:\/\/vankatoenennu.nl\/\">Nieuwe expositie \u2018De meiden van de tweede generatie\u2019<\/a><\/p>\n<\/blockquote>\n<p><iframe loading=\"lazy\" class=\"wp-embedded-content\" sandbox=\"allow-scripts\" security=\"restricted\" style=\"position: absolute; visibility: hidden;\" title=\"&#8220;Nieuwe expositie \u2018De meiden van de tweede generatie\u2019&#8221; &#8212; Van katoen en nu\" src=\"https:\/\/vankatoenennu.nl\/embed\/#?secret=G5qM3dWjKq#?secret=9uDrsDXfw0\" data-secret=\"9uDrsDXfw0\" width=\"600\" height=\"338\" frameborder=\"0\" marginwidth=\"0\" marginheight=\"0\" scrolling=\"no\"><\/iframe><\/div>\n<p>Horaires d&rsquo;ouverture :<br \/>\nDu mercredi au samedi de 10 h \u00e0 17 h.<br \/>\nOuvert les dimanches de shopping de 12 h \u00e0 17 h.<\/p>\n<\/div><\/section><br \/>\n<section  class='av_textblock_section av-m7en2m9g-f5bd518e16983fe33749d7306bdfc1c9 '   itemscope=\"itemscope\" itemtype=\"https:\/\/schema.org\/CreativeWork\" ><div class='avia_textblock'  itemprop=\"text\" ><h1>2025<\/h1>\n<\/div><\/section><br \/>\n<section  class='av_textblock_section av-lmj9xuro-f39cb7374dda4efc1a575b7c5c30251c '   itemscope=\"itemscope\" itemtype=\"https:\/\/schema.org\/CreativeWork\" ><div class='avia_textblock'  itemprop=\"text\" ><h1><\/h1>\n<h1><\/h1>\n<h1><\/h1>\n<h1>2023<\/h1>\n<\/div><\/section><br \/>\n\n<style type=\"text\/css\" data-created_by=\"avia_inline_auto\" id=\"style-css-av-lmja0cwg-587d88c2a11d00fc225ce5a93f103d1c\">\n#top .av_textblock_section.av-lmja0cwg-587d88c2a11d00fc225ce5a93f103d1c .avia_textblock{\nfont-size:16px;\ncolor:#000000;\n}\n<\/style>\n<section  class='av_textblock_section av-lmja0cwg-587d88c2a11d00fc225ce5a93f103d1c '   itemscope=\"itemscope\" itemtype=\"https:\/\/schema.org\/CreativeWork\" ><div class='avia_textblock av_inherit_color'  itemprop=\"text\" ><p>9 d\u00e9cembre Exposition Wildhanging \u00a0\u00bbOde au port\u00a0\u00bb, Atelier d&rsquo;art Mollerwerf, Oude Boekeloseweg 33 e Hengelo<\/p>\n<p>23 novembre au 24 d\u00e9cembre 2023 Exposition r\u00e9trospective Kunst Punt Almelo<\/p>\n<p>5 au 12 novembre Prix Krikhaar \u00e0 Hoff 88 Almelo<\/p>\n<p>28 octobre Vente aux ench\u00e8res d&rsquo;\u0153uvres d&rsquo;art de l&rsquo;exp\u00e9dition Noordik.<\/p>\n<p>7 au 15 octobre Biennale internationale d&rsquo;art brut dans l&rsquo;ancien b\u00e2timent de V&amp;D Brink 110 Hengelo<br \/>\n<a href=\"https:\/\/floortjevanloon.nl\/fr\/artbrut\/\">Cliquez ici pour plus d&rsquo;informations sur l&rsquo;Art Brut<\/a><\/p>\n<p>23 et 24 septembre Atelierroute Almelo.dans la petite \u00e9glise de Marktstraat 73 Almelo<\/p>\n<p>2 au 24 septembre Open ateliers Almelo : exposition r\u00e9trospective \u00e0 la Maison du coton et du pr\u00e9sent.<\/p>\n<p>Juillet \u00e0 septembre Exposition dans le b\u00e2timent monumental &lsquo;t Spiegelhuys \u00e0 Tuinstraat 16 Almelo.<\/p>\n<p>7 mai au 27 juin Exposition Pop-up Awarenness. \u00e0 Grotestraat 31 Almelo<\/p>\n<\/div><\/section><br \/>\n<section  class='av_textblock_section av-lmja4pmt-0cb0a1884fdd0cf1f7bac7eeeda80164 '   itemscope=\"itemscope\" itemtype=\"https:\/\/schema.org\/CreativeWork\" ><div class='avia_textblock'  itemprop=\"text\" ><h1>2022<\/h1>\n<\/div><\/section><br \/>\n\n<style type=\"text\/css\" data-created_by=\"avia_inline_auto\" id=\"style-css-av-lmja7bxg-fe8bfd82974ec88d3b472d2a0fdf251c\">\n#top .av_textblock_section.av-lmja7bxg-fe8bfd82974ec88d3b472d2a0fdf251c .avia_textblock{\nfont-size:16px;\ncolor:#000000;\n}\n<\/style>\n<section  class='av_textblock_section av-lmja7bxg-fe8bfd82974ec88d3b472d2a0fdf251c '   itemscope=\"itemscope\" itemtype=\"https:\/\/schema.org\/CreativeWork\" ><div class='avia_textblock av_inherit_color'  itemprop=\"text\" ><p>12 au 24 septembre 2022 : Exposition \u00e0 la biblioth\u00e8que d&rsquo;Almelo de Dennis Zanoni et Floortje van Loon. https:\/\/weblocal.bibliotheekalmelo.nl\/ 28 ao\u00fbt 2022 : Ateliers ouverts \u00e0 Herengracht \u00e0 Almelo.<a href=\"https:\/\/www.kunstenaarsalmelo.nl\/\">https:\/\/www.kunstenaarsalmelo.nl\/<\/a> 6 novembre 2022 au 13 novembre 22 Exposition Prix Krikhaar 2022 \u00e0 Kunsthal Hof 88 Almelo En tant que deuxi\u00e8me candidat pour le Prix Krikhaar, l&rsquo;artiste a \u00e9t\u00e9 invit\u00e9 \u00e0 participer \u00e0 l&rsquo;exposition.<\/p>\n<\/div><\/section><br \/>\n<section  class='av_textblock_section av-lmjabc6u-598cc93dd31c8e17663c58e2bbd70b31 '   itemscope=\"itemscope\" itemtype=\"https:\/\/schema.org\/CreativeWork\" ><div class='avia_textblock'  itemprop=\"text\" ><h1>2021<\/h1>\n<\/div><\/section><br \/>\n\n<style type=\"text\/css\" data-created_by=\"avia_inline_auto\" id=\"style-css-av-lmjactiu-d5607ea62ddff3435a1858af95c01092\">\n#top .av_textblock_section.av-lmjactiu-d5607ea62ddff3435a1858af95c01092 .avia_textblock{\nfont-size:16px;\ncolor:#000000;\n}\n<\/style>\n<section  class='av_textblock_section av-lmjactiu-d5607ea62ddff3435a1858af95c01092 '   itemscope=\"itemscope\" itemtype=\"https:\/\/schema.org\/CreativeWork\" ><div class='avia_textblock av_inherit_color'  itemprop=\"text\" ><p>31-10-2021 :<\/p>\n<p>Ateliers ouverts \u00e0 Herengracht \u00e0 Almelo. 14-22 mai 2022 : Biennale internationale de l&rsquo;art brut.<\/p>\n<\/div><\/section><br \/>\n\n<style type=\"text\/css\" data-created_by=\"avia_inline_auto\" id=\"style-css-av-9o6el8-925d065327607fe797988f1e484eb348\">\n#top .hr.hr-invisible.av-9o6el8-925d065327607fe797988f1e484eb348{\nheight:10px;\n}\n<\/style>\n<div  class='hr av-9o6el8-925d065327607fe797988f1e484eb348 hr-invisible  avia-builder-el-20  el_after_av_textblock  el_before_av_hr '><span class='hr-inner '><span class=\"hr-inner-style\"><\/span><\/span><\/div><br \/>\n\n<style type=\"text\/css\" data-created_by=\"avia_inline_auto\" id=\"style-css-av-9ev558-7adda69fab7d3da6a76f458c68d858e6\">\n#top .hr.hr-invisible.av-9ev558-7adda69fab7d3da6a76f458c68d858e6{\nheight:10px;\n}\n<\/style>\n<div  class='hr av-9ev558-7adda69fab7d3da6a76f458c68d858e6 hr-invisible  avia-builder-el-21  el_after_av_hr  avia-builder-el-last '><span class='hr-inner '><span class=\"hr-inner-style\"><\/span><\/span><\/div><\/p>\n<\/div><\/div>\n<style type=\"text\/css\" data-created_by=\"avia_inline_auto\" id=\"style-css-av-95dk2s-4c1784bf76f5635de7f7f2f610d66b2b\">\n.flex_cell.av-95dk2s-4c1784bf76f5635de7f7f2f610d66b2b{\nvertical-align:middle;\nbackground:url(https:\/\/floortjevanloon.nl\/wp-content\/uploads\/2025\/12\/C-_Users_HP_Desktop_She-is-a-lady.png) 100% 100% no-repeat scroll ;\n}\n.responsive #top #wrap_all .flex_cell.av-95dk2s-4c1784bf76f5635de7f7f2f610d66b2b{\npadding:100px 30px 30px 30px !important;\n}\n<\/style>\n<div class='flex_cell av-95dk2s-4c1784bf76f5635de7f7f2f610d66b2b av-gridrow-cell av_one_half no_margin av-hide-on-mobile  avia-builder-el-22  el_after_av_cell_one_half  avia-builder-el-last  content-align-middle avia-full-stretch'  ><div class='flex_cell_inner'><\/div><\/div><\/div>\n","protected":false},"excerpt":{"rendered":"","protected":false},"author":1,"featured_media":0,"parent":0,"menu_order":0,"comment_status":"closed","ping_status":"closed","template":"","meta":{"footnotes":""},"class_list":["post-2167","page","type-page","status-publish","hentry"],"_links":{"self":[{"href":"https:\/\/floortjevanloon.nl\/fr\/wp-json\/wp\/v2\/pages\/2167","targetHints":{"allow":["GET"]}}],"collection":[{"href":"https:\/\/floortjevanloon.nl\/fr\/wp-json\/wp\/v2\/pages"}],"about":[{"href":"https:\/\/floortjevanloon.nl\/fr\/wp-json\/wp\/v2\/types\/page"}],"author":[{"embeddable":true,"href":"https:\/\/floortjevanloon.nl\/fr\/wp-json\/wp\/v2\/users\/1"}],"replies":[{"embeddable":true,"href":"https:\/\/floortjevanloon.nl\/fr\/wp-json\/wp\/v2\/comments?post=2167"}],"version-history":[{"count":0,"href":"https:\/\/floortjevanloon.nl\/fr\/wp-json\/wp\/v2\/pages\/2167\/revisions"}],"wp:attachment":[{"href":"https:\/\/floortjevanloon.nl\/fr\/wp-json\/wp\/v2\/media?parent=2167"}],"curies":[{"name":"wp","href":"https:\/\/api.w.org\/{rel}","templated":true}]}}